{"id":5557,"date":"2019-01-31T03:19:04","date_gmt":"2019-01-31T02:19:04","guid":{"rendered":"https:\/\/www.vla-bag.ch\/casa\/"},"modified":"2026-04-04T15:00:00","modified_gmt":"2026-04-04T13:00:00","slug":"casa","status":"publish","type":"page","link":"https:\/\/www.vla-bag.ch\/it\/","title":{"rendered":"Casa"},"content":{"rendered":"\n<h2 class=\"gb-headline gb-headline-dff33181 gb-headline-text\">Carlotta - chiara e versatile<\/h2>\n\n\n\n<p>Design sobrio e lusso discreto: un compagno per il lavoro, il tempo libero e i momenti speciali.<\/p>\n\n\n\n<div class=\"wp-block-columns is-layout-flex wp-container-core-columns-is-layout-9d6595d7 wp-block-columns-is-layout-flex\">\n<div class=\"wp-block-column is-layout-flow wp-block-column-is-layout-flow\">\n<figure class=\"wp-block-image size-large\"><a href=\"https:\/\/www.vla-bag.ch\/it\/produkt\/carlotta-notte-nera\/\"><img loading=\"lazy\" decoding=\"async\" width=\"1024\" height=\"1024\" src=\"https:\/\/www.vla-bag.ch\/wp-content\/uploads\/2024\/07\/vla-carlotta-black-89-1-1024x1024.jpg\" alt=\"borsa business e borsa per laptop vl\u00e0 carlotta nera, sostenibile e vegana in pelle di cactus\" class=\"wp-image-4542\" srcset=\"https:\/\/www.vla-bag.ch\/wp-content\/uploads\/2024\/07\/vla-carlotta-black-89-1-1024x1024.jpg 1024w, https:\/\/www.vla-bag.ch\/wp-content\/uploads\/2024\/07\/vla-carlotta-black-89-1-300x300.jpg 300w, https:\/\/www.vla-bag.ch\/wp-content\/uploads\/2024\/07\/vla-carlotta-black-89-1-150x150.jpg 150w, https:\/\/www.vla-bag.ch\/wp-content\/uploads\/2024\/07\/vla-carlotta-black-89-1-768x768.jpg 768w, https:\/\/www.vla-bag.ch\/wp-content\/uploads\/2024\/07\/vla-carlotta-black-89-1-400x400.jpg 400w, https:\/\/www.vla-bag.ch\/wp-content\/uploads\/2024\/07\/vla-carlotta-black-89-1-800x800.jpg 800w, https:\/\/www.vla-bag.ch\/wp-content\/uploads\/2024\/07\/vla-carlotta-black-89-1-100x100.jpg 100w, https:\/\/www.vla-bag.ch\/wp-content\/uploads\/2024\/07\/vla-carlotta-black-89-1.jpg 1500w\" sizes=\"auto, (max-width: 1024px) 100vw, 1024px\" \/><\/a><\/figure>\n<\/div>\n\n\n\n<div class=\"wp-block-column is-layout-flow wp-block-column-is-layout-flow\">\n<figure class=\"wp-block-image size-large\"><a href=\"https:\/\/www.vla-bag.ch\/it\/produkt\/carlotta-notte-nera\/\"><img loading=\"lazy\" decoding=\"async\" width=\"1024\" height=\"1024\" src=\"https:\/\/www.vla-bag.ch\/wp-content\/uploads\/2024\/07\/vla-carlotta-27-1024x1024.jpg\" alt=\"borsa business e borsa per laptop vl\u00e0 carlotta nera, sostenibile e vegana in pelle di cactus\" class=\"wp-image-4545\" srcset=\"https:\/\/www.vla-bag.ch\/wp-content\/uploads\/2024\/07\/vla-carlotta-27-1024x1024.jpg 1024w, https:\/\/www.vla-bag.ch\/wp-content\/uploads\/2024\/07\/vla-carlotta-27-300x300.jpg 300w, https:\/\/www.vla-bag.ch\/wp-content\/uploads\/2024\/07\/vla-carlotta-27-150x150.jpg 150w, https:\/\/www.vla-bag.ch\/wp-content\/uploads\/2024\/07\/vla-carlotta-27-768x768.jpg 768w, https:\/\/www.vla-bag.ch\/wp-content\/uploads\/2024\/07\/vla-carlotta-27-400x400.jpg 400w, https:\/\/www.vla-bag.ch\/wp-content\/uploads\/2024\/07\/vla-carlotta-27-800x800.jpg 800w, https:\/\/www.vla-bag.ch\/wp-content\/uploads\/2024\/07\/vla-carlotta-27-100x100.jpg 100w, https:\/\/www.vla-bag.ch\/wp-content\/uploads\/2024\/07\/vla-carlotta-27.jpg 1500w\" sizes=\"auto, (max-width: 1024px) 100vw, 1024px\" \/><\/a><\/figure>\n\n\n\n<div class=\"wp-block-buttons is-layout-flex wp-block-buttons-is-layout-flex\">\n<div class=\"wp-block-button\"><a class=\"wp-block-button__link wp-element-button\" href=\"https:\/\/www.vla-bag.ch\/it\/produkt\/carlotta-notte-nera\/\">acquista vl\u00e0 Carlotta<\/a><\/div>\n<\/div>\n<\/div>\n<\/div>\n\n\n\n<h2 class=\"gb-headline gb-headline-e74c5730 gb-headline-text\">Alice - iconica e leggera<\/h2>\n\n\n\n<p>Silhouette a mezzaluna e design volutamente minimalista - da indossare tutti i giorni e la sera.<\/p>\n\n\n\n<div class=\"wp-block-columns is-layout-flex wp-container-core-columns-is-layout-9d6595d7 wp-block-columns-is-layout-flex\">\n<div class=\"wp-block-column is-layout-flow wp-block-column-is-layout-flow\">\n<figure class=\"wp-block-image size-large\"><a href=\"https:\/\/www.vla-bag.ch\/it\/produkt\/alice-notte-nera\/\"><img loading=\"lazy\" decoding=\"async\" width=\"1024\" height=\"1024\" src=\"https:\/\/www.vla-bag.ch\/wp-content\/uploads\/2024\/07\/vla-alice-black-52-1024x1024.jpg\" alt=\"borsa crossbody vl\u00e0 alice nera, sostenibile e vegana in pelle di cactus\" class=\"wp-image-4516\" srcset=\"https:\/\/www.vla-bag.ch\/wp-content\/uploads\/2024\/07\/vla-alice-black-52-1024x1024.jpg 1024w, https:\/\/www.vla-bag.ch\/wp-content\/uploads\/2024\/07\/vla-alice-black-52-300x300.jpg 300w, https:\/\/www.vla-bag.ch\/wp-content\/uploads\/2024\/07\/vla-alice-black-52-150x150.jpg 150w, https:\/\/www.vla-bag.ch\/wp-content\/uploads\/2024\/07\/vla-alice-black-52-768x768.jpg 768w, https:\/\/www.vla-bag.ch\/wp-content\/uploads\/2024\/07\/vla-alice-black-52-400x400.jpg 400w, https:\/\/www.vla-bag.ch\/wp-content\/uploads\/2024\/07\/vla-alice-black-52-800x800.jpg 800w, https:\/\/www.vla-bag.ch\/wp-content\/uploads\/2024\/07\/vla-alice-black-52-100x100.jpg 100w, https:\/\/www.vla-bag.ch\/wp-content\/uploads\/2024\/07\/vla-alice-black-52.jpg 1500w\" sizes=\"auto, (max-width: 1024px) 100vw, 1024px\" \/><\/a><\/figure>\n<\/div>\n\n\n\n<div class=\"wp-block-column is-layout-flow wp-block-column-is-layout-flow\">\n<figure class=\"wp-block-image size-large\"><a href=\"https:\/\/www.vla-bag.ch\/it\/produkt\/alice-notte-nera\/\"><img loading=\"lazy\" decoding=\"async\" width=\"1024\" height=\"1024\" src=\"https:\/\/www.vla-bag.ch\/wp-content\/uploads\/2024\/07\/vla-alice-black-64-1024x1024.jpg\" alt=\"borsa crossbody vl\u00e0 alice nera, sostenibile e vegana in pelle di cactus\" class=\"wp-image-4514\" srcset=\"https:\/\/www.vla-bag.ch\/wp-content\/uploads\/2024\/07\/vla-alice-black-64-1024x1024.jpg 1024w, https:\/\/www.vla-bag.ch\/wp-content\/uploads\/2024\/07\/vla-alice-black-64-300x300.jpg 300w, https:\/\/www.vla-bag.ch\/wp-content\/uploads\/2024\/07\/vla-alice-black-64-150x150.jpg 150w, https:\/\/www.vla-bag.ch\/wp-content\/uploads\/2024\/07\/vla-alice-black-64-768x768.jpg 768w, https:\/\/www.vla-bag.ch\/wp-content\/uploads\/2024\/07\/vla-alice-black-64-400x400.jpg 400w, https:\/\/www.vla-bag.ch\/wp-content\/uploads\/2024\/07\/vla-alice-black-64-800x800.jpg 800w, https:\/\/www.vla-bag.ch\/wp-content\/uploads\/2024\/07\/vla-alice-black-64-100x100.jpg 100w, https:\/\/www.vla-bag.ch\/wp-content\/uploads\/2024\/07\/vla-alice-black-64.jpg 1500w\" sizes=\"auto, (max-width: 1024px) 100vw, 1024px\" \/><\/a><\/figure>\n\n\n\n<div class=\"wp-block-buttons is-layout-flex wp-block-buttons-is-layout-flex\">\n<div class=\"wp-block-button\"><a class=\"wp-block-button__link wp-element-button\" href=\"https:\/\/www.vla-bag.ch\/it\/produkt\/alice-notte-nera\/\">acquista vl\u00e0 Alice<\/a><\/div>\n<\/div>\n<\/div>\n<\/div>\n\n\n\n<h2 class=\"gb-headline gb-headline-2419e3b5 gb-headline-text\">Sofia - compatta ed elegante<\/h2>\n\n\n\n<p>Piccola borsa crossbody con una forma chiara e una sorprendente quantit\u00e0 di spazio.<\/p>\n\n\n\n<div class=\"wp-block-columns is-layout-flex wp-container-core-columns-is-layout-9d6595d7 wp-block-columns-is-layout-flex\">\n<div class=\"wp-block-column is-layout-flow wp-block-column-is-layout-flow\">\n<figure class=\"wp-block-image size-large\"><a href=\"https:\/\/www.vla-bag.ch\/it\/produkt\/sofia-notte-nera\/\"><img loading=\"lazy\" decoding=\"async\" width=\"1024\" height=\"1024\" src=\"https:\/\/www.vla-bag.ch\/wp-content\/uploads\/2024\/07\/vla-sofia-black-95-3-1024x1024.jpg\" alt=\"borsa crossbody vl\u00e0 sofia nera, sostenibile e vegana in pelle di cactus\" class=\"wp-image-4497\" srcset=\"https:\/\/www.vla-bag.ch\/wp-content\/uploads\/2024\/07\/vla-sofia-black-95-3-1024x1024.jpg 1024w, https:\/\/www.vla-bag.ch\/wp-content\/uploads\/2024\/07\/vla-sofia-black-95-3-300x300.jpg 300w, https:\/\/www.vla-bag.ch\/wp-content\/uploads\/2024\/07\/vla-sofia-black-95-3-150x150.jpg 150w, https:\/\/www.vla-bag.ch\/wp-content\/uploads\/2024\/07\/vla-sofia-black-95-3-768x768.jpg 768w, https:\/\/www.vla-bag.ch\/wp-content\/uploads\/2024\/07\/vla-sofia-black-95-3-400x400.jpg 400w, https:\/\/www.vla-bag.ch\/wp-content\/uploads\/2024\/07\/vla-sofia-black-95-3-800x800.jpg 800w, https:\/\/www.vla-bag.ch\/wp-content\/uploads\/2024\/07\/vla-sofia-black-95-3-100x100.jpg 100w, https:\/\/www.vla-bag.ch\/wp-content\/uploads\/2024\/07\/vla-sofia-black-95-3.jpg 1500w\" sizes=\"auto, (max-width: 1024px) 100vw, 1024px\" \/><\/a><\/figure>\n<\/div>\n\n\n\n<div class=\"wp-block-column is-layout-flow wp-block-column-is-layout-flow\">\n<figure class=\"wp-block-image size-large\"><a href=\"https:\/\/www.vla-bag.ch\/it\/produkt\/sofia-notte-nera\/\"><img loading=\"lazy\" decoding=\"async\" width=\"1024\" height=\"1024\" src=\"https:\/\/www.vla-bag.ch\/wp-content\/uploads\/2024\/07\/vla-sofia-black-47-1-1024x1024.jpg\" alt=\"borsa crossbody vl\u00e0 sofia nera, sostenibile e vegana in pelle di cactus\" class=\"wp-image-4495\" srcset=\"https:\/\/www.vla-bag.ch\/wp-content\/uploads\/2024\/07\/vla-sofia-black-47-1-1024x1024.jpg 1024w, https:\/\/www.vla-bag.ch\/wp-content\/uploads\/2024\/07\/vla-sofia-black-47-1-300x300.jpg 300w, https:\/\/www.vla-bag.ch\/wp-content\/uploads\/2024\/07\/vla-sofia-black-47-1-150x150.jpg 150w, https:\/\/www.vla-bag.ch\/wp-content\/uploads\/2024\/07\/vla-sofia-black-47-1-768x768.jpg 768w, https:\/\/www.vla-bag.ch\/wp-content\/uploads\/2024\/07\/vla-sofia-black-47-1-400x400.jpg 400w, https:\/\/www.vla-bag.ch\/wp-content\/uploads\/2024\/07\/vla-sofia-black-47-1-800x800.jpg 800w, https:\/\/www.vla-bag.ch\/wp-content\/uploads\/2024\/07\/vla-sofia-black-47-1-100x100.jpg 100w, https:\/\/www.vla-bag.ch\/wp-content\/uploads\/2024\/07\/vla-sofia-black-47-1.jpg 1500w\" sizes=\"auto, (max-width: 1024px) 100vw, 1024px\" \/><\/a><\/figure>\n\n\n\n<div class=\"wp-block-buttons is-layout-flex wp-block-buttons-is-layout-flex\">\n<div class=\"wp-block-button\"><a class=\"wp-block-button__link wp-element-button\" href=\"https:\/\/www.vla-bag.ch\/it\/produkt\/sofia-notte-nera\/\">acquista vl\u00e0 Sofia<\/a><\/div>\n<\/div>\n<\/div>\n<\/div>\n\n\n\n<h2 class=\"gb-headline gb-headline-bc6bf899 gb-headline-text\">Fabio - pieno di carattere e pratico<\/h2>\n\n\n\n<p>Una borsa da polso ispirata alle classiche borse da uomo: minimalista e versatile.<\/p>\n\n\n\n<div class=\"wp-block-columns is-layout-flex wp-container-core-columns-is-layout-9d6595d7 wp-block-columns-is-layout-flex\">\n<div class=\"wp-block-column is-layout-flow wp-block-column-is-layout-flow\">\n<figure class=\"wp-block-image size-large\"><a href=\"https:\/\/www.vla-bag.ch\/it\/produkt\/fabio-notte-nera\/\"><img loading=\"lazy\" decoding=\"async\" width=\"1024\" height=\"1024\" src=\"https:\/\/www.vla-bag.ch\/wp-content\/uploads\/2024\/07\/vla-fabio-black-59-1-1024x1024.jpg\" alt=\"borsa a tracolla o necessaire vl\u00e0 fabio nera, sostenibile e vegana in pelle di cactus\" class=\"wp-image-4532\" srcset=\"https:\/\/www.vla-bag.ch\/wp-content\/uploads\/2024\/07\/vla-fabio-black-59-1-1024x1024.jpg 1024w, https:\/\/www.vla-bag.ch\/wp-content\/uploads\/2024\/07\/vla-fabio-black-59-1-300x300.jpg 300w, https:\/\/www.vla-bag.ch\/wp-content\/uploads\/2024\/07\/vla-fabio-black-59-1-150x150.jpg 150w, https:\/\/www.vla-bag.ch\/wp-content\/uploads\/2024\/07\/vla-fabio-black-59-1-768x768.jpg 768w, https:\/\/www.vla-bag.ch\/wp-content\/uploads\/2024\/07\/vla-fabio-black-59-1-400x400.jpg 400w, https:\/\/www.vla-bag.ch\/wp-content\/uploads\/2024\/07\/vla-fabio-black-59-1-800x800.jpg 800w, https:\/\/www.vla-bag.ch\/wp-content\/uploads\/2024\/07\/vla-fabio-black-59-1-100x100.jpg 100w, https:\/\/www.vla-bag.ch\/wp-content\/uploads\/2024\/07\/vla-fabio-black-59-1.jpg 1500w\" sizes=\"auto, (max-width: 1024px) 100vw, 1024px\" \/><\/a><\/figure>\n<\/div>\n\n\n\n<div class=\"wp-block-column is-layout-flow wp-block-column-is-layout-flow\">\n<figure class=\"wp-block-image size-large wp-duotone-unset-1\"><a href=\"https:\/\/www.vla-bag.ch\/it\/produkt\/fabio-notte-nera\/\"><img loading=\"lazy\" decoding=\"async\" width=\"1024\" height=\"1024\" src=\"https:\/\/www.vla-bag.ch\/wp-content\/uploads\/2024\/07\/vla-fabio-black-81-b-1024x1024.jpg\" alt=\"borsa a tracolla o necessaire vl\u00e0 fabio nera, sostenibile e vegana in pelle di cactus\" class=\"wp-image-4534\" srcset=\"https:\/\/www.vla-bag.ch\/wp-content\/uploads\/2024\/07\/vla-fabio-black-81-b-1024x1024.jpg 1024w, https:\/\/www.vla-bag.ch\/wp-content\/uploads\/2024\/07\/vla-fabio-black-81-b-300x300.jpg 300w, https:\/\/www.vla-bag.ch\/wp-content\/uploads\/2024\/07\/vla-fabio-black-81-b-150x150.jpg 150w, https:\/\/www.vla-bag.ch\/wp-content\/uploads\/2024\/07\/vla-fabio-black-81-b-768x768.jpg 768w, https:\/\/www.vla-bag.ch\/wp-content\/uploads\/2024\/07\/vla-fabio-black-81-b-400x400.jpg 400w, https:\/\/www.vla-bag.ch\/wp-content\/uploads\/2024\/07\/vla-fabio-black-81-b-800x800.jpg 800w, https:\/\/www.vla-bag.ch\/wp-content\/uploads\/2024\/07\/vla-fabio-black-81-b-100x100.jpg 100w, https:\/\/www.vla-bag.ch\/wp-content\/uploads\/2024\/07\/vla-fabio-black-81-b.jpg 1500w\" sizes=\"auto, (max-width: 1024px) 100vw, 1024px\" \/><\/a><\/figure>\n\n\n\n<div class=\"wp-block-buttons is-layout-flex wp-block-buttons-is-layout-flex\">\n<div class=\"wp-block-button\"><a class=\"wp-block-button__link wp-element-button\" href=\"https:\/\/www.vla-bag.ch\/it\/produkt\/fabio-notte-nera\/\">acquista vl\u00e0 Fabio<\/a><\/div>\n<\/div>\n<\/div>\n<\/div>\n\n\n\n<h2 class=\"gb-headline gb-headline-1606036b gb-headline-text\">Andrea - elegante e puro<\/h2>\n\n\n\n<p>Pochette sottile per la sera: una dichiarazione di stile consapevole.<\/p>\n\n\n\n<div class=\"wp-block-columns is-layout-flex wp-container-core-columns-is-layout-9d6595d7 wp-block-columns-is-layout-flex\">\n<div class=\"wp-block-column is-layout-flow wp-block-column-is-layout-flow\">\n<figure class=\"wp-block-image size-large\"><a href=\"https:\/\/www.vla-bag.ch\/it\/produkt\/andrea-beige-sabbia\/\"><img loading=\"lazy\" decoding=\"async\" width=\"1024\" height=\"1024\" src=\"https:\/\/www.vla-bag.ch\/wp-content\/uploads\/2024\/07\/vla-andrea-beige-59-1024x1024.jpg\" alt=\"pochette o borsa portadocumenti vl\u00e0 andrea beige, borsa sostenibile e vegana in pelle di cactus\" class=\"wp-image-4591\" srcset=\"https:\/\/www.vla-bag.ch\/wp-content\/uploads\/2024\/07\/vla-andrea-beige-59-1024x1024.jpg 1024w, https:\/\/www.vla-bag.ch\/wp-content\/uploads\/2024\/07\/vla-andrea-beige-59-300x300.jpg 300w, https:\/\/www.vla-bag.ch\/wp-content\/uploads\/2024\/07\/vla-andrea-beige-59-150x150.jpg 150w, https:\/\/www.vla-bag.ch\/wp-content\/uploads\/2024\/07\/vla-andrea-beige-59-768x768.jpg 768w, https:\/\/www.vla-bag.ch\/wp-content\/uploads\/2024\/07\/vla-andrea-beige-59-400x400.jpg 400w, https:\/\/www.vla-bag.ch\/wp-content\/uploads\/2024\/07\/vla-andrea-beige-59-800x800.jpg 800w, https:\/\/www.vla-bag.ch\/wp-content\/uploads\/2024\/07\/vla-andrea-beige-59-100x100.jpg 100w, https:\/\/www.vla-bag.ch\/wp-content\/uploads\/2024\/07\/vla-andrea-beige-59.jpg 1500w\" sizes=\"auto, (max-width: 1024px) 100vw, 1024px\" \/><\/a><\/figure>\n<\/div>\n\n\n\n<div class=\"wp-block-column is-layout-flow wp-block-column-is-layout-flow\">\n<figure class=\"wp-block-image size-large\"><a href=\"https:\/\/www.vla-bag.ch\/it\/produkt\/andrea-notte-nera\/\"><img loading=\"lazy\" decoding=\"async\" width=\"1024\" height=\"1024\" src=\"https:\/\/www.vla-bag.ch\/wp-content\/uploads\/2024\/07\/vla-andrea-black-74-1-1024x1024.jpg\" alt=\"pochette o borsa portadocumenti vl\u00e0 andrea nero, borsa sostenibile e vegana in pelle di cactus\" class=\"wp-image-4600\" srcset=\"https:\/\/www.vla-bag.ch\/wp-content\/uploads\/2024\/07\/vla-andrea-black-74-1-1024x1024.jpg 1024w, https:\/\/www.vla-bag.ch\/wp-content\/uploads\/2024\/07\/vla-andrea-black-74-1-300x300.jpg 300w, https:\/\/www.vla-bag.ch\/wp-content\/uploads\/2024\/07\/vla-andrea-black-74-1-150x150.jpg 150w, https:\/\/www.vla-bag.ch\/wp-content\/uploads\/2024\/07\/vla-andrea-black-74-1-768x768.jpg 768w, https:\/\/www.vla-bag.ch\/wp-content\/uploads\/2024\/07\/vla-andrea-black-74-1-400x400.jpg 400w, https:\/\/www.vla-bag.ch\/wp-content\/uploads\/2024\/07\/vla-andrea-black-74-1-800x800.jpg 800w, https:\/\/www.vla-bag.ch\/wp-content\/uploads\/2024\/07\/vla-andrea-black-74-1-100x100.jpg 100w, https:\/\/www.vla-bag.ch\/wp-content\/uploads\/2024\/07\/vla-andrea-black-74-1.jpg 1500w\" sizes=\"auto, (max-width: 1024px) 100vw, 1024px\" \/><\/a><\/figure>\n\n\n\n<div class=\"wp-block-buttons is-layout-flex wp-block-buttons-is-layout-flex\">\n<div class=\"wp-block-button\"><a class=\"wp-block-button__link wp-element-button\" href=\"https:\/\/www.vla-bag.ch\/it\/produkt-kategorie\/frizione\/\">acquista vl\u00e0 Andrea<\/a><\/div>\n<\/div>\n<\/div>\n<\/div>\n\n\n\n<h2 class=\"gb-headline gb-headline-572ff004 gb-headline-text\">Laura - spazioso e ridotto<\/h2>\n\n\n\n<p>Tanto spazio, linee pulite e materiali sostenibili - per il lavoro e il tempo libero.<\/p>\n\n\n\n<div class=\"wp-block-columns is-layout-flex wp-container-core-columns-is-layout-9d6595d7 wp-block-columns-is-layout-flex\">\n<div class=\"wp-block-column is-layout-flow wp-block-column-is-layout-flow\">\n<figure class=\"wp-block-image size-large\"><a href=\"https:\/\/www.vla-bag.ch\/it\/produkt\/shopper-matte-black-night\/\"><img loading=\"lazy\" decoding=\"async\" width=\"1500\" height=\"1500\" src=\"https:\/\/www.vla-bag.ch\/wp-content\/uploads\/2024\/07\/vla-laura-black-91-2.jpg\" alt=\"shopper vl\u00e0 laura nera, borsa sostenibile e vegana in pelle di cactus\" class=\"wp-image-4563\" srcset=\"https:\/\/www.vla-bag.ch\/wp-content\/uploads\/2024\/07\/vla-laura-black-91-2.jpg 1500w, https:\/\/www.vla-bag.ch\/wp-content\/uploads\/2024\/07\/vla-laura-black-91-2-300x300.jpg 300w, https:\/\/www.vla-bag.ch\/wp-content\/uploads\/2024\/07\/vla-laura-black-91-2-1024x1024.jpg 1024w, https:\/\/www.vla-bag.ch\/wp-content\/uploads\/2024\/07\/vla-laura-black-91-2-150x150.jpg 150w, https:\/\/www.vla-bag.ch\/wp-content\/uploads\/2024\/07\/vla-laura-black-91-2-768x768.jpg 768w, https:\/\/www.vla-bag.ch\/wp-content\/uploads\/2024\/07\/vla-laura-black-91-2-400x400.jpg 400w, https:\/\/www.vla-bag.ch\/wp-content\/uploads\/2024\/07\/vla-laura-black-91-2-800x800.jpg 800w, https:\/\/www.vla-bag.ch\/wp-content\/uploads\/2024\/07\/vla-laura-black-91-2-100x100.jpg 100w\" sizes=\"auto, (max-width: 1500px) 100vw, 1500px\" \/><\/a><\/figure>\n<\/div>\n\n\n\n<div class=\"wp-block-column is-layout-flow wp-block-column-is-layout-flow\">\n<figure class=\"wp-block-image size-large wp-duotone-unset-2\"><a href=\"https:\/\/www.vla-bag.ch\/it\/produkt\/laura-beige-sabbia\/\"><img loading=\"lazy\" decoding=\"async\" width=\"1024\" height=\"1024\" src=\"https:\/\/www.vla-bag.ch\/wp-content\/uploads\/2024\/07\/vla-laura-beige-41-1-1024x1024.jpg\" alt=\"shopper vl\u00e0 laura beige, borsa sostenibile e vegana in pelle di cactus\" class=\"wp-image-4558\" srcset=\"https:\/\/www.vla-bag.ch\/wp-content\/uploads\/2024\/07\/vla-laura-beige-41-1-1024x1024.jpg 1024w, https:\/\/www.vla-bag.ch\/wp-content\/uploads\/2024\/07\/vla-laura-beige-41-1-300x300.jpg 300w, https:\/\/www.vla-bag.ch\/wp-content\/uploads\/2024\/07\/vla-laura-beige-41-1-150x150.jpg 150w, https:\/\/www.vla-bag.ch\/wp-content\/uploads\/2024\/07\/vla-laura-beige-41-1-768x768.jpg 768w, https:\/\/www.vla-bag.ch\/wp-content\/uploads\/2024\/07\/vla-laura-beige-41-1-400x400.jpg 400w, https:\/\/www.vla-bag.ch\/wp-content\/uploads\/2024\/07\/vla-laura-beige-41-1-800x800.jpg 800w, https:\/\/www.vla-bag.ch\/wp-content\/uploads\/2024\/07\/vla-laura-beige-41-1-100x100.jpg 100w, https:\/\/www.vla-bag.ch\/wp-content\/uploads\/2024\/07\/vla-laura-beige-41-1.jpg 1500w\" sizes=\"auto, (max-width: 1024px) 100vw, 1024px\" \/><\/a><\/figure>\n\n\n\n<div class=\"wp-block-buttons is-layout-flex wp-block-buttons-is-layout-flex\">\n<div class=\"wp-block-button\"><a class=\"wp-block-button__link wp-element-button\" href=\"https:\/\/www.vla-bag.ch\/it\/produkt-kategorie\/shopper-it\/\">acquista vl\u00e0 Laura<\/a><\/div>\n<\/div>\n<\/div>\n<\/div>\n\n\n\n<h2 class=\"gb-headline gb-headline-0c168ed2 gb-headline-text\">Nina \u2013 forma iconica, reinterpretata<\/h2>\n\n\n\n<p>Una forma sorprendente e una sobriet\u00e0 moderna: un compagno di stile per tutti i giorni.<\/p>\n\n\n\n<div class=\"wp-block-columns is-layout-flex wp-container-core-columns-is-layout-9d6595d7 wp-block-columns-is-layout-flex\">\n<div class=\"wp-block-column is-layout-flow wp-block-column-is-layout-flow\">\n<figure class=\"wp-block-image size-large\"><a href=\"https:\/\/www.vla-bag.ch\/it\/produkt\/nina-beige-sabbia\/\"><img loading=\"lazy\" decoding=\"async\" width=\"1024\" height=\"1024\" src=\"https:\/\/www.vla-bag.ch\/wp-content\/uploads\/2024\/07\/vla-nina-beige-60-1024x1024.jpg\" alt=\"borsa a secchiello vl\u00e0 nina beige, sostenibile e vegana in pelle di cactus\" class=\"wp-image-4574\" srcset=\"https:\/\/www.vla-bag.ch\/wp-content\/uploads\/2024\/07\/vla-nina-beige-60-1024x1024.jpg 1024w, https:\/\/www.vla-bag.ch\/wp-content\/uploads\/2024\/07\/vla-nina-beige-60-300x300.jpg 300w, https:\/\/www.vla-bag.ch\/wp-content\/uploads\/2024\/07\/vla-nina-beige-60-150x150.jpg 150w, https:\/\/www.vla-bag.ch\/wp-content\/uploads\/2024\/07\/vla-nina-beige-60-768x768.jpg 768w, https:\/\/www.vla-bag.ch\/wp-content\/uploads\/2024\/07\/vla-nina-beige-60-400x400.jpg 400w, https:\/\/www.vla-bag.ch\/wp-content\/uploads\/2024\/07\/vla-nina-beige-60-800x800.jpg 800w, https:\/\/www.vla-bag.ch\/wp-content\/uploads\/2024\/07\/vla-nina-beige-60-100x100.jpg 100w, https:\/\/www.vla-bag.ch\/wp-content\/uploads\/2024\/07\/vla-nina-beige-60.jpg 1500w\" sizes=\"auto, (max-width: 1024px) 100vw, 1024px\" \/><\/a><\/figure>\n<\/div>\n\n\n\n<div class=\"wp-block-column is-layout-flow wp-block-column-is-layout-flow\">\n<figure class=\"wp-block-image size-large\"><a href=\"https:\/\/www.vla-bag.ch\/it\/produkt\/nina-black-night\/\"><img loading=\"lazy\" decoding=\"async\" width=\"1024\" height=\"1024\" src=\"https:\/\/www.vla-bag.ch\/wp-content\/uploads\/2024\/07\/vla-nina-black-36-1-1024x1024.jpg\" alt=\"borsa a secchiello vl\u00e0 nina nera, sostenibile e vegana in pelle di cactus\" class=\"wp-image-4571\" srcset=\"https:\/\/www.vla-bag.ch\/wp-content\/uploads\/2024\/07\/vla-nina-black-36-1-1024x1024.jpg 1024w, https:\/\/www.vla-bag.ch\/wp-content\/uploads\/2024\/07\/vla-nina-black-36-1-300x300.jpg 300w, https:\/\/www.vla-bag.ch\/wp-content\/uploads\/2024\/07\/vla-nina-black-36-1-150x150.jpg 150w, https:\/\/www.vla-bag.ch\/wp-content\/uploads\/2024\/07\/vla-nina-black-36-1-768x768.jpg 768w, https:\/\/www.vla-bag.ch\/wp-content\/uploads\/2024\/07\/vla-nina-black-36-1-400x400.jpg 400w, https:\/\/www.vla-bag.ch\/wp-content\/uploads\/2024\/07\/vla-nina-black-36-1-800x800.jpg 800w, https:\/\/www.vla-bag.ch\/wp-content\/uploads\/2024\/07\/vla-nina-black-36-1-100x100.jpg 100w, https:\/\/www.vla-bag.ch\/wp-content\/uploads\/2024\/07\/vla-nina-black-36-1.jpg 1500w\" sizes=\"auto, (max-width: 1024px) 100vw, 1024px\" \/><\/a><\/figure>\n\n\n\n<div class=\"wp-block-buttons is-layout-flex wp-block-buttons-is-layout-flex\">\n<div class=\"wp-block-button\"><a class=\"wp-block-button__link wp-element-button\" href=\"https:\/\/www.vla-bag.ch\/it\/produkt-kategorie\/borsa-a-secchiello\/\">acquista vl\u00e0 Nina<\/a><\/div>\n<\/div>\n<\/div>\n<\/div>\n\n\n\n<h2 class=\"gb-headline gb-headline-048887c6 gb-headline-text\">Gaia - urbana e versatile<\/h2>\n\n\n\n<p>Zaino minimalista, versatile e ideale per i viaggi o la vita di citt\u00e0.<\/p>\n\n\n\n<div class=\"wp-block-columns is-layout-flex wp-container-core-columns-is-layout-9d6595d7 wp-block-columns-is-layout-flex\">\n<div class=\"wp-block-column is-layout-flow wp-block-column-is-layout-flow\">\n<figure class=\"wp-block-image size-large\"><a href=\"https:\/\/www.vla-bag.ch\/it\/produkt\/gaia-beige-sabbia\/\"><img loading=\"lazy\" decoding=\"async\" width=\"1024\" height=\"1024\" src=\"https:\/\/www.vla-bag.ch\/wp-content\/uploads\/2024\/07\/vla-gaia-beige-23-1-1024x1024.jpg\" alt=\"zaino vl\u00e0 gaia beige, zaino sostenibile e vegano in pelle di cactus\" class=\"wp-image-4582\" srcset=\"https:\/\/www.vla-bag.ch\/wp-content\/uploads\/2024\/07\/vla-gaia-beige-23-1-1024x1024.jpg 1024w, https:\/\/www.vla-bag.ch\/wp-content\/uploads\/2024\/07\/vla-gaia-beige-23-1-300x300.jpg 300w, https:\/\/www.vla-bag.ch\/wp-content\/uploads\/2024\/07\/vla-gaia-beige-23-1-150x150.jpg 150w, https:\/\/www.vla-bag.ch\/wp-content\/uploads\/2024\/07\/vla-gaia-beige-23-1-768x768.jpg 768w, https:\/\/www.vla-bag.ch\/wp-content\/uploads\/2024\/07\/vla-gaia-beige-23-1-400x400.jpg 400w, https:\/\/www.vla-bag.ch\/wp-content\/uploads\/2024\/07\/vla-gaia-beige-23-1-800x800.jpg 800w, https:\/\/www.vla-bag.ch\/wp-content\/uploads\/2024\/07\/vla-gaia-beige-23-1-100x100.jpg 100w, https:\/\/www.vla-bag.ch\/wp-content\/uploads\/2024\/07\/vla-gaia-beige-23-1.jpg 1500w\" sizes=\"auto, (max-width: 1024px) 100vw, 1024px\" \/><\/a><\/figure>\n<\/div>\n\n\n\n<div class=\"wp-block-column is-layout-flow wp-block-column-is-layout-flow\">\n<figure class=\"wp-block-image size-large\"><a href=\"https:\/\/www.vla-bag.ch\/it\/produkt\/gaia-notte-nera\/\"><img loading=\"lazy\" decoding=\"async\" width=\"1024\" height=\"1024\" src=\"https:\/\/www.vla-bag.ch\/wp-content\/uploads\/2024\/07\/vla-gaia-black-05-1-1024x1024.jpg\" alt=\"zaino vl\u00e0 gaia nero, sostenibile e vegano in pelle di cactus\" class=\"wp-image-4587\" srcset=\"https:\/\/www.vla-bag.ch\/wp-content\/uploads\/2024\/07\/vla-gaia-black-05-1-1024x1024.jpg 1024w, https:\/\/www.vla-bag.ch\/wp-content\/uploads\/2024\/07\/vla-gaia-black-05-1-300x300.jpg 300w, https:\/\/www.vla-bag.ch\/wp-content\/uploads\/2024\/07\/vla-gaia-black-05-1-150x150.jpg 150w, https:\/\/www.vla-bag.ch\/wp-content\/uploads\/2024\/07\/vla-gaia-black-05-1-768x768.jpg 768w, https:\/\/www.vla-bag.ch\/wp-content\/uploads\/2024\/07\/vla-gaia-black-05-1-400x400.jpg 400w, https:\/\/www.vla-bag.ch\/wp-content\/uploads\/2024\/07\/vla-gaia-black-05-1-800x800.jpg 800w, https:\/\/www.vla-bag.ch\/wp-content\/uploads\/2024\/07\/vla-gaia-black-05-1-100x100.jpg 100w, https:\/\/www.vla-bag.ch\/wp-content\/uploads\/2024\/07\/vla-gaia-black-05-1.jpg 1500w\" sizes=\"auto, (max-width: 1024px) 100vw, 1024px\" \/><\/a><\/figure>\n\n\n\n<div class=\"wp-block-buttons is-layout-flex wp-block-buttons-is-layout-flex\">\n<div class=\"wp-block-button\"><a class=\"wp-block-button__link wp-element-button\" href=\"https:\/\/www.vla-bag.ch\/it\/produkt-kategorie\/zaino\/\">acquista vl\u00e0 Gaia<\/a><\/div>\n<\/div>\n<\/div>\n<\/div>\n\n\n\n<h2 class=\"gb-headline gb-headline-5e268f42 gb-headline-text\">Dario - pronto per ogni avventura<\/h2>\n\n\n\n<p>Leggero ed elegante: perfetto per brevi viaggi e spostamenti spontanei.<\/p>\n\n\n\n<div class=\"wp-block-columns is-layout-flex wp-container-core-columns-is-layout-9d6595d7 wp-block-columns-is-layout-flex\">\n<div class=\"wp-block-column is-layout-flow wp-block-column-is-layout-flow\">\n<figure class=\"wp-block-image size-large\"><a href=\"https:\/\/www.vla-bag.ch\/it\/produkt\/dario-notte-nera\/\"><img loading=\"lazy\" decoding=\"async\" width=\"1024\" height=\"1024\" src=\"https:\/\/www.vla-bag.ch\/wp-content\/uploads\/2024\/07\/vla-dario-black-12-1024x1024.jpg\" alt=\"borsa week-end vl\u00e0 dario nera, week-end sostenibile e vegano in pelle di cactus\" class=\"wp-image-4605\" srcset=\"https:\/\/www.vla-bag.ch\/wp-content\/uploads\/2024\/07\/vla-dario-black-12-1024x1024.jpg 1024w, https:\/\/www.vla-bag.ch\/wp-content\/uploads\/2024\/07\/vla-dario-black-12-300x300.jpg 300w, https:\/\/www.vla-bag.ch\/wp-content\/uploads\/2024\/07\/vla-dario-black-12-150x150.jpg 150w, https:\/\/www.vla-bag.ch\/wp-content\/uploads\/2024\/07\/vla-dario-black-12-768x768.jpg 768w, https:\/\/www.vla-bag.ch\/wp-content\/uploads\/2024\/07\/vla-dario-black-12-400x400.jpg 400w, https:\/\/www.vla-bag.ch\/wp-content\/uploads\/2024\/07\/vla-dario-black-12-800x800.jpg 800w, https:\/\/www.vla-bag.ch\/wp-content\/uploads\/2024\/07\/vla-dario-black-12-100x100.jpg 100w, https:\/\/www.vla-bag.ch\/wp-content\/uploads\/2024\/07\/vla-dario-black-12.jpg 1500w\" sizes=\"auto, (max-width: 1024px) 100vw, 1024px\" \/><\/a><\/figure>\n<\/div>\n\n\n\n<div class=\"wp-block-column is-layout-flow wp-block-column-is-layout-flow\">\n<figure class=\"wp-block-image size-large\"><a href=\"https:\/\/www.vla-bag.ch\/it\/produkt\/dario-beige-sabbia\/\"><img loading=\"lazy\" decoding=\"async\" width=\"1024\" height=\"1024\" src=\"https:\/\/www.vla-bag.ch\/wp-content\/uploads\/2024\/07\/vla-dario-beige-91-1-1024x1024.jpg\" alt=\"borsa da weekend vl\u00e0 beige nera, weekender sostenibile e vegana in pelle di cactus\" class=\"wp-image-4690\" srcset=\"https:\/\/www.vla-bag.ch\/wp-content\/uploads\/2024\/07\/vla-dario-beige-91-1-1024x1024.jpg 1024w, https:\/\/www.vla-bag.ch\/wp-content\/uploads\/2024\/07\/vla-dario-beige-91-1-300x300.jpg 300w, https:\/\/www.vla-bag.ch\/wp-content\/uploads\/2024\/07\/vla-dario-beige-91-1-150x150.jpg 150w, https:\/\/www.vla-bag.ch\/wp-content\/uploads\/2024\/07\/vla-dario-beige-91-1-768x768.jpg 768w, https:\/\/www.vla-bag.ch\/wp-content\/uploads\/2024\/07\/vla-dario-beige-91-1-400x400.jpg 400w, https:\/\/www.vla-bag.ch\/wp-content\/uploads\/2024\/07\/vla-dario-beige-91-1-800x800.jpg 800w, https:\/\/www.vla-bag.ch\/wp-content\/uploads\/2024\/07\/vla-dario-beige-91-1-100x100.jpg 100w, https:\/\/www.vla-bag.ch\/wp-content\/uploads\/2024\/07\/vla-dario-beige-91-1.jpg 1500w\" sizes=\"auto, (max-width: 1024px) 100vw, 1024px\" \/><\/a><\/figure>\n\n\n\n<div class=\"wp-block-buttons is-layout-flex wp-block-buttons-is-layout-flex\">\n<div class=\"wp-block-button\"><a class=\"wp-block-button__link wp-element-button\" href=\"https:\/\/www.vla-bag.ch\/it\/produkt-kategorie\/borsa-per-il-weekend\/\">acquista vl\u00e0 Dario<\/a><\/div>\n<\/div>\n<\/div>\n<\/div>\n\n\n\n<div class=\"wp-block-columns is-layout-flex wp-container-core-columns-is-layout-9d6595d7 wp-block-columns-is-layout-flex\">\n<div class=\"wp-block-column is-layout-flow wp-block-column-is-layout-flow\"><\/div>\n\n\n\n<div class=\"wp-block-column is-layout-flow wp-block-column-is-layout-flow\">\n<h2 class=\"gb-headline gb-headline-5c8d55e3 gb-headline-text\">L\u2019idea dietro vl\u00e0<\/h2>\n\n\n\n<figure class=\"wp-block-video\"><video height=\"1920\" style=\"aspect-ratio: 1080 \/ 1920;\" width=\"1080\" controls poster=\"https:\/\/www.vla-bag.ch\/wp-content\/uploads\/2026\/04\/wir-sind-vla-taschen-aus-kaktusleder.jpg\" src=\"https:\/\/www.vla-bag.ch\/wp-content\/uploads\/2026\/04\/EN-vla-video-website.mov\" playsinline><\/video><\/figure>\n<\/div>\n\n\n\n<div class=\"wp-block-column is-layout-flow wp-block-column-is-layout-flow\"><\/div>\n<\/div>\n\n\n<div class=\"gb-container gb-container-2b4dd260\">\n<div class=\"gb-container gb-container-21373023\">\n\n<!-- vl\u00e0: Google Reviews \u2013 Startseite  -->\n<section class=\"vla-reviews-home\" aria-labelledby=\"vla-reviews-title\" style=\"margin:40px auto 10px; max-width:1430px; border-top:1px solid #e0e0e0; padding-top:20px;\">\n  <h2 id=\"vla-reviews-title\" style=\"text-align:center; font-size:1.6rem; line-height:1.3; margin:0 0 18px;\">\n  Cosa dicono i clienti\n  <\/h2>\n\n  <!-- Elfsight Widget -->\n  <div class=\"elfsight-app-48eff722-aacb-4250-aa72-fff2d812b2d4\" data-elfsight-app-lazy=\"\"><\/div>\n\n  <!-- nur einf\u00fcgen, wenn platform.js NICHT global geladen wird -->\n  <script src=\"https:\/\/elfsightcdn.com\/platform.js\" async=\"\"><\/script>\n<\/section>\n\n<\/div>\n<\/div>\n\n\n<div style=\"height:100px\" aria-hidden=\"true\" class=\"wp-block-spacer\"><\/div>\n\n\n\n<div class=\"wp-block-columns  mobile-column-reverse is-layout-flex wp-container-core-columns-is-layout-9d6595d7 wp-block-columns-is-layout-flex\">\n<div class=\"wp-block-column is-layout-flow wp-block-column-is-layout-flow\">\n<h2 class=\"wp-block-heading large-heading\">vl\u00e0 \u00e8 elegante<\/h2>\n\n\n\n<p><strong>vegan, pelle, accessori - vl\u00e0! <\/strong>Create a Zurigo e <strong>realizzate a mano<\/strong> in pelle di cactus in una <strong>manifattura del nord Italia<\/strong>, le nostre borse combinano uno dei tessuti pi\u00f9 innovativi del mondo della moda con una perfetta lavorazione artigianale in un&#8217;eleganza senza tempo. Acquista subito il tuo pezzo preferito della nostra collezione. <strong>Puoi vedere e acquistare le borse senza impegno su appuntamento presso il nostro ufficio di Zurigo Seefeld: <a href=\"tel:0041443805045\">044 380 50 45<\/a><\/strong> o <a href=\"mailto:office@vla-bag.ch\"><strong>office@vla-bag.ch<\/strong><\/a> <\/p>\n\n\n\n<div class=\"wp-block-buttons is-layout-flex wp-block-buttons-is-layout-flex\">\n<div class=\"wp-block-button\"><a class=\"wp-block-button__link wp-element-button\" href=\"https:\/\/www.vla-bag.ch\/it\/negozio\/\">negozio online vl\u00e0<\/a><\/div>\n<\/div>\n\n\n\n<p><\/p>\n<\/div>\n\n\n\n<div class=\"wp-block-column is-layout-flow wp-block-column-is-layout-flow\">\n<figure class=\"wp-block-image size-large\"><img decoding=\"async\" src=\"https:\/\/www.vla-bag.ch\/wp-content\/uploads\/2024\/05\/vla-collection-2024-1-1024x704.jpg\" alt=\"\" class=\"wp-image-4465\"\/><\/figure>\n\n\n\n<p><\/p>\n<\/div>\n<\/div>\n\n\n\n<div style=\"height:24px\" aria-hidden=\"true\" class=\"wp-block-spacer\"><\/div>\n\n\n\n<div style=\"height:24px\" aria-hidden=\"true\" class=\"wp-block-spacer\"><\/div>\n\n\n\n<div class=\"wp-block-columns is-layout-flex wp-container-core-columns-is-layout-9d6595d7 wp-block-columns-is-layout-flex\">\n<div class=\"wp-block-column is-layout-flow wp-block-column-is-layout-flow\">\n<figure class=\"wp-block-image size-large\"><img loading=\"lazy\" decoding=\"async\" width=\"1024\" height=\"704\" src=\"https:\/\/www.vla-bag.ch\/wp-content\/uploads\/2022\/12\/kaktus-nopales-blaetter-1024x704.jpg\" alt=\"\" class=\"wp-image-3949\" srcset=\"https:\/\/www.vla-bag.ch\/wp-content\/uploads\/2022\/12\/kaktus-nopales-blaetter-1024x704.jpg 1024w, https:\/\/www.vla-bag.ch\/wp-content\/uploads\/2022\/12\/kaktus-nopales-blaetter-300x206.jpg 300w, https:\/\/www.vla-bag.ch\/wp-content\/uploads\/2022\/12\/kaktus-nopales-blaetter-768x528.jpg 768w, https:\/\/www.vla-bag.ch\/wp-content\/uploads\/2022\/12\/kaktus-nopales-blaetter-1536x1056.jpg 1536w, https:\/\/www.vla-bag.ch\/wp-content\/uploads\/2022\/12\/kaktus-nopales-blaetter-800x550.jpg 800w, https:\/\/www.vla-bag.ch\/wp-content\/uploads\/2022\/12\/kaktus-nopales-blaetter.jpg 1600w\" sizes=\"auto, (max-width: 1024px) 100vw, 1024px\" \/><\/figure>\n\n\n\n<p><\/p>\n<\/div>\n\n\n\n<div class=\"wp-block-column is-layout-flow wp-block-column-is-layout-flow\">\n<h2 class=\"wp-block-heading has-text-align-right large-heading\">vl\u00e0 \u00e8 sostenibile e vegano<\/h2>\n\n\n\n<p class=\"has-text-align-right\"><strong>Verde come un cactus, morbido come il cuoio.<\/strong>  La pelle di cactus \u00e8 l&#8217;alternativa vegana e non inquinante alla pelle animale ed \u00e8 particolarmente sostenibile per vl\u00e0. Le nostre confezioni sono ridotte all&#8217;essenziale e non sono n\u00e9 stampate n\u00e9 rifinite. <\/p>\n\n\n\n<div class=\"wp-block-buttons alignright is-layout-flex wp-block-buttons-is-layout-flex\">\n<div class=\"wp-block-button is-style-fill\"><a class=\"wp-block-button__link no-border-radius wp-element-button\" href=\"https:\/\/www.vla-bag.ch\/it\/materiale\/\">vl\u00e0 Pelle di cactus<\/a><\/div>\n<\/div>\n\n\n\n<p><\/p>\n<\/div>\n<\/div>\n","protected":false},"excerpt":{"rendered":"<p>Carlotta - chiara e versatile Design sobrio e lusso discreto: un compagno per il lavoro, il tempo libero e i momenti speciali. Alice - iconica &#8230; <a title=\"Casa\" class=\"read-more\" href=\"https:\/\/www.vla-bag.ch\/it\/\" aria-label=\"Per saperne di pi\u00f9 su Casa\">Read more<\/a><\/p>\n","protected":false},"author":2,"featured_media":5074,"parent":0,"menu_order":0,"comment_status":"closed","ping_status":"closed","template":"","meta":{"_seopress_robots_primary_cat":"","_seopress_titles_title":"Borse sostenibili in pelle di cactus - fatte a mano in Italia | vl\u00e0","_seopress_titles_desc":"vl\u00e0 \u00e8 sinonimo di borse sostenibili realizzate in pelle di cactus. Disegnate a Zurigo, fatte a mano in Italia: eleganti, consapevoli e 100% vegane.","_seopress_robots_index":"","footnotes":""},"class_list":["post-5557","page","type-page","status-publish","has-post-thumbnail"],"_links":{"self":[{"href":"https:\/\/www.vla-bag.ch\/it\/wp-json\/wp\/v2\/pages\/5557","targetHints":{"allow":["GET"]}}],"collection":[{"href":"https:\/\/www.vla-bag.ch\/it\/wp-json\/wp\/v2\/pages"}],"about":[{"href":"https:\/\/www.vla-bag.ch\/it\/wp-json\/wp\/v2\/types\/page"}],"author":[{"embeddable":true,"href":"https:\/\/www.vla-bag.ch\/it\/wp-json\/wp\/v2\/users\/2"}],"replies":[{"embeddable":true,"href":"https:\/\/www.vla-bag.ch\/it\/wp-json\/wp\/v2\/comments?post=5557"}],"version-history":[{"count":21,"href":"https:\/\/www.vla-bag.ch\/it\/wp-json\/wp\/v2\/pages\/5557\/revisions"}],"predecessor-version":[{"id":6826,"href":"https:\/\/www.vla-bag.ch\/it\/wp-json\/wp\/v2\/pages\/5557\/revisions\/6826"}],"wp:featuredmedia":[{"embeddable":true,"href":"https:\/\/www.vla-bag.ch\/it\/wp-json\/wp\/v2\/media\/5074"}],"wp:attachment":[{"href":"https:\/\/www.vla-bag.ch\/it\/wp-json\/wp\/v2\/media?parent=5557"}],"curies":[{"name":"wp","href":"https:\/\/api.w.org\/{rel}","templated":true}]}}