{"id":5537,"date":"2019-01-31T03:19:04","date_gmt":"2019-01-31T02:19:04","guid":{"rendered":"https:\/\/www.vla-bag.ch\/accueil\/"},"modified":"2026-04-04T14:58:54","modified_gmt":"2026-04-04T12:58:54","slug":"accueil","status":"publish","type":"page","link":"https:\/\/www.vla-bag.ch\/fr\/","title":{"rendered":"Accueil"},"content":{"rendered":"\n<h2 class=\"gb-headline gb-headline-dff33181 gb-headline-text\">Carlotta - claire &amp; polyvalente<\/h2>\n\n\n\n<p>Un design \u00e9pur\u00e9 et un luxe discret - un compagnon pour le travail, les loisirs et les moments sp\u00e9ciaux.<\/p>\n\n\n\n<div class=\"wp-block-columns is-layout-flex wp-container-core-columns-is-layout-9d6595d7 wp-block-columns-is-layout-flex\">\n<div class=\"wp-block-column is-layout-flow wp-block-column-is-layout-flow\">\n<figure class=\"wp-block-image size-large\"><a href=\"https:\/\/www.vla-bag.ch\/fr\/produkt\/carlotta-nuit-noire\/\"><img loading=\"lazy\" decoding=\"async\" width=\"1024\" height=\"1024\" src=\"https:\/\/www.vla-bag.ch\/wp-content\/uploads\/2024\/07\/vla-carlotta-black-89-1-1024x1024.jpg\" alt=\"business-bag et sac pour ordinateur portable vl\u00e0 carlotta black, sac durable et vegan en cuir de cactus\" class=\"wp-image-4542\" srcset=\"https:\/\/www.vla-bag.ch\/wp-content\/uploads\/2024\/07\/vla-carlotta-black-89-1-1024x1024.jpg 1024w, https:\/\/www.vla-bag.ch\/wp-content\/uploads\/2024\/07\/vla-carlotta-black-89-1-300x300.jpg 300w, https:\/\/www.vla-bag.ch\/wp-content\/uploads\/2024\/07\/vla-carlotta-black-89-1-150x150.jpg 150w, https:\/\/www.vla-bag.ch\/wp-content\/uploads\/2024\/07\/vla-carlotta-black-89-1-768x768.jpg 768w, https:\/\/www.vla-bag.ch\/wp-content\/uploads\/2024\/07\/vla-carlotta-black-89-1-400x400.jpg 400w, https:\/\/www.vla-bag.ch\/wp-content\/uploads\/2024\/07\/vla-carlotta-black-89-1-800x800.jpg 800w, https:\/\/www.vla-bag.ch\/wp-content\/uploads\/2024\/07\/vla-carlotta-black-89-1-100x100.jpg 100w, https:\/\/www.vla-bag.ch\/wp-content\/uploads\/2024\/07\/vla-carlotta-black-89-1.jpg 1500w\" sizes=\"auto, (max-width: 1024px) 100vw, 1024px\" \/><\/a><\/figure>\n<\/div>\n\n\n\n<div class=\"wp-block-column is-layout-flow wp-block-column-is-layout-flow\">\n<figure class=\"wp-block-image size-large\"><a href=\"https:\/\/www.vla-bag.ch\/fr\/produkt\/carlotta-nuit-noire\/\"><img loading=\"lazy\" decoding=\"async\" width=\"1024\" height=\"1024\" src=\"https:\/\/www.vla-bag.ch\/wp-content\/uploads\/2024\/07\/vla-carlotta-27-1024x1024.jpg\" alt=\"business-bag et sac pour ordinateur portable vl\u00e0 carlotta black, sac durable et vegan en cuir de cactus\" class=\"wp-image-4545\" srcset=\"https:\/\/www.vla-bag.ch\/wp-content\/uploads\/2024\/07\/vla-carlotta-27-1024x1024.jpg 1024w, https:\/\/www.vla-bag.ch\/wp-content\/uploads\/2024\/07\/vla-carlotta-27-300x300.jpg 300w, https:\/\/www.vla-bag.ch\/wp-content\/uploads\/2024\/07\/vla-carlotta-27-150x150.jpg 150w, https:\/\/www.vla-bag.ch\/wp-content\/uploads\/2024\/07\/vla-carlotta-27-768x768.jpg 768w, https:\/\/www.vla-bag.ch\/wp-content\/uploads\/2024\/07\/vla-carlotta-27-400x400.jpg 400w, https:\/\/www.vla-bag.ch\/wp-content\/uploads\/2024\/07\/vla-carlotta-27-800x800.jpg 800w, https:\/\/www.vla-bag.ch\/wp-content\/uploads\/2024\/07\/vla-carlotta-27-100x100.jpg 100w, https:\/\/www.vla-bag.ch\/wp-content\/uploads\/2024\/07\/vla-carlotta-27.jpg 1500w\" sizes=\"auto, (max-width: 1024px) 100vw, 1024px\" \/><\/a><\/figure>\n\n\n\n<div class=\"wp-block-buttons is-layout-flex wp-block-buttons-is-layout-flex\">\n<div class=\"wp-block-button\"><a class=\"wp-block-button__link wp-element-button\" href=\"https:\/\/www.vla-bag.ch\/fr\/produkt\/carlotta-nuit-noire\/\">acheter vl\u00e0 Carlotta<\/a><\/div>\n<\/div>\n<\/div>\n<\/div>\n\n\n\n<h2 class=\"gb-headline gb-headline-e74c5730 gb-headline-text\">Alice - iconique &amp; l\u00e9g\u00e8re<\/h2>\n\n\n\n<p>Silhouette en demi-lune et design volontairement \u00e9pur\u00e9 - pour le quotidien et les soir\u00e9es.<\/p>\n\n\n\n<div class=\"wp-block-columns is-layout-flex wp-container-core-columns-is-layout-9d6595d7 wp-block-columns-is-layout-flex\">\n<div class=\"wp-block-column is-layout-flow wp-block-column-is-layout-flow\">\n<figure class=\"wp-block-image size-large\"><a href=\"https:\/\/www.vla-bag.ch\/fr\/produkt\/alice-nuit-noire\/\"><img loading=\"lazy\" decoding=\"async\" width=\"1024\" height=\"1024\" src=\"https:\/\/www.vla-bag.ch\/wp-content\/uploads\/2024\/07\/vla-alice-black-52-1024x1024.jpg\" alt=\"crossbody-bag vl\u00e0 alice black, sac durable et vegan en cuir de cactus\" class=\"wp-image-4516\" srcset=\"https:\/\/www.vla-bag.ch\/wp-content\/uploads\/2024\/07\/vla-alice-black-52-1024x1024.jpg 1024w, https:\/\/www.vla-bag.ch\/wp-content\/uploads\/2024\/07\/vla-alice-black-52-300x300.jpg 300w, https:\/\/www.vla-bag.ch\/wp-content\/uploads\/2024\/07\/vla-alice-black-52-150x150.jpg 150w, https:\/\/www.vla-bag.ch\/wp-content\/uploads\/2024\/07\/vla-alice-black-52-768x768.jpg 768w, https:\/\/www.vla-bag.ch\/wp-content\/uploads\/2024\/07\/vla-alice-black-52-400x400.jpg 400w, https:\/\/www.vla-bag.ch\/wp-content\/uploads\/2024\/07\/vla-alice-black-52-800x800.jpg 800w, https:\/\/www.vla-bag.ch\/wp-content\/uploads\/2024\/07\/vla-alice-black-52-100x100.jpg 100w, https:\/\/www.vla-bag.ch\/wp-content\/uploads\/2024\/07\/vla-alice-black-52.jpg 1500w\" sizes=\"auto, (max-width: 1024px) 100vw, 1024px\" \/><\/a><\/figure>\n<\/div>\n\n\n\n<div class=\"wp-block-column is-layout-flow wp-block-column-is-layout-flow\">\n<figure class=\"wp-block-image size-large\"><a href=\"https:\/\/www.vla-bag.ch\/fr\/produkt\/alice-nuit-noire\/\"><img loading=\"lazy\" decoding=\"async\" width=\"1024\" height=\"1024\" src=\"https:\/\/www.vla-bag.ch\/wp-content\/uploads\/2024\/07\/vla-alice-black-64-1024x1024.jpg\" alt=\"crossbody-bag vl\u00e0 alice black, sac durable et vegan en cuir de cactus\" class=\"wp-image-4514\" srcset=\"https:\/\/www.vla-bag.ch\/wp-content\/uploads\/2024\/07\/vla-alice-black-64-1024x1024.jpg 1024w, https:\/\/www.vla-bag.ch\/wp-content\/uploads\/2024\/07\/vla-alice-black-64-300x300.jpg 300w, https:\/\/www.vla-bag.ch\/wp-content\/uploads\/2024\/07\/vla-alice-black-64-150x150.jpg 150w, https:\/\/www.vla-bag.ch\/wp-content\/uploads\/2024\/07\/vla-alice-black-64-768x768.jpg 768w, https:\/\/www.vla-bag.ch\/wp-content\/uploads\/2024\/07\/vla-alice-black-64-400x400.jpg 400w, https:\/\/www.vla-bag.ch\/wp-content\/uploads\/2024\/07\/vla-alice-black-64-800x800.jpg 800w, https:\/\/www.vla-bag.ch\/wp-content\/uploads\/2024\/07\/vla-alice-black-64-100x100.jpg 100w, https:\/\/www.vla-bag.ch\/wp-content\/uploads\/2024\/07\/vla-alice-black-64.jpg 1500w\" sizes=\"auto, (max-width: 1024px) 100vw, 1024px\" \/><\/a><\/figure>\n\n\n\n<div class=\"wp-block-buttons is-layout-flex wp-block-buttons-is-layout-flex\">\n<div class=\"wp-block-button\"><a class=\"wp-block-button__link wp-element-button\" href=\"https:\/\/www.vla-bag.ch\/fr\/produkt\/alice-nuit-noire\/\">acheter vl\u00e0 Alice<\/a><\/div>\n<\/div>\n<\/div>\n<\/div>\n\n\n\n<h2 class=\"gb-headline gb-headline-2419e3b5 gb-headline-text\">Sofia - compacte et \u00e9l\u00e9gante<\/h2>\n\n\n\n<p>Petit sac \u00e0 bandouli\u00e8re \u00e0 la forme \u00e9pur\u00e9e et au volume surprenant.<\/p>\n\n\n\n<div class=\"wp-block-columns is-layout-flex wp-container-core-columns-is-layout-9d6595d7 wp-block-columns-is-layout-flex\">\n<div class=\"wp-block-column is-layout-flow wp-block-column-is-layout-flow\">\n<figure class=\"wp-block-image size-large\"><a href=\"https:\/\/www.vla-bag.ch\/fr\/produkt\/sofia-nuit-noire\/\"><img loading=\"lazy\" decoding=\"async\" width=\"1024\" height=\"1024\" src=\"https:\/\/www.vla-bag.ch\/wp-content\/uploads\/2024\/07\/vla-sofia-black-95-3-1024x1024.jpg\" alt=\"crossbody-bag vl\u00e0 sofia black, sac durable et vegan en cuir de cactus\" class=\"wp-image-4497\" srcset=\"https:\/\/www.vla-bag.ch\/wp-content\/uploads\/2024\/07\/vla-sofia-black-95-3-1024x1024.jpg 1024w, https:\/\/www.vla-bag.ch\/wp-content\/uploads\/2024\/07\/vla-sofia-black-95-3-300x300.jpg 300w, https:\/\/www.vla-bag.ch\/wp-content\/uploads\/2024\/07\/vla-sofia-black-95-3-150x150.jpg 150w, https:\/\/www.vla-bag.ch\/wp-content\/uploads\/2024\/07\/vla-sofia-black-95-3-768x768.jpg 768w, https:\/\/www.vla-bag.ch\/wp-content\/uploads\/2024\/07\/vla-sofia-black-95-3-400x400.jpg 400w, https:\/\/www.vla-bag.ch\/wp-content\/uploads\/2024\/07\/vla-sofia-black-95-3-800x800.jpg 800w, https:\/\/www.vla-bag.ch\/wp-content\/uploads\/2024\/07\/vla-sofia-black-95-3-100x100.jpg 100w, https:\/\/www.vla-bag.ch\/wp-content\/uploads\/2024\/07\/vla-sofia-black-95-3.jpg 1500w\" sizes=\"auto, (max-width: 1024px) 100vw, 1024px\" \/><\/a><\/figure>\n<\/div>\n\n\n\n<div class=\"wp-block-column is-layout-flow wp-block-column-is-layout-flow\">\n<figure class=\"wp-block-image size-large\"><a href=\"https:\/\/www.vla-bag.ch\/fr\/produkt\/sofia-nuit-noire\/\"><img loading=\"lazy\" decoding=\"async\" width=\"1024\" height=\"1024\" src=\"https:\/\/www.vla-bag.ch\/wp-content\/uploads\/2024\/07\/vla-sofia-black-47-1-1024x1024.jpg\" alt=\"crossbody-bag vl\u00e0 sofia black, sac durable et vegan en cuir de cactus\" class=\"wp-image-4495\" srcset=\"https:\/\/www.vla-bag.ch\/wp-content\/uploads\/2024\/07\/vla-sofia-black-47-1-1024x1024.jpg 1024w, https:\/\/www.vla-bag.ch\/wp-content\/uploads\/2024\/07\/vla-sofia-black-47-1-300x300.jpg 300w, https:\/\/www.vla-bag.ch\/wp-content\/uploads\/2024\/07\/vla-sofia-black-47-1-150x150.jpg 150w, https:\/\/www.vla-bag.ch\/wp-content\/uploads\/2024\/07\/vla-sofia-black-47-1-768x768.jpg 768w, https:\/\/www.vla-bag.ch\/wp-content\/uploads\/2024\/07\/vla-sofia-black-47-1-400x400.jpg 400w, https:\/\/www.vla-bag.ch\/wp-content\/uploads\/2024\/07\/vla-sofia-black-47-1-800x800.jpg 800w, https:\/\/www.vla-bag.ch\/wp-content\/uploads\/2024\/07\/vla-sofia-black-47-1-100x100.jpg 100w, https:\/\/www.vla-bag.ch\/wp-content\/uploads\/2024\/07\/vla-sofia-black-47-1.jpg 1500w\" sizes=\"auto, (max-width: 1024px) 100vw, 1024px\" \/><\/a><\/figure>\n\n\n\n<div class=\"wp-block-buttons is-layout-flex wp-block-buttons-is-layout-flex\">\n<div class=\"wp-block-button\"><a class=\"wp-block-button__link wp-element-button\" href=\"https:\/\/www.vla-bag.ch\/fr\/produkt\/sofia-nuit-noire\/\">acheter vl\u00e0 Sofia<\/a><\/div>\n<\/div>\n<\/div>\n<\/div>\n\n\n\n<h2 class=\"gb-headline gb-headline-bc6bf899 gb-headline-text\">Fabio - plein de caract\u00e8re &amp; pratique<\/h2>\n\n\n\n<p>Un sac \u00e0 poignet inspir\u00e9 des sacs classiques pour hommes - minimaliste et polyvalent.<\/p>\n\n\n\n<div class=\"wp-block-columns is-layout-flex wp-container-core-columns-is-layout-9d6595d7 wp-block-columns-is-layout-flex\">\n<div class=\"wp-block-column is-layout-flow wp-block-column-is-layout-flow\">\n<figure class=\"wp-block-image size-large\"><a href=\"https:\/\/www.vla-bag.ch\/fr\/produkt\/fabio-nuit-noire\/\"><img loading=\"lazy\" decoding=\"async\" width=\"1024\" height=\"1024\" src=\"https:\/\/www.vla-bag.ch\/wp-content\/uploads\/2024\/07\/vla-fabio-black-59-1-1024x1024.jpg\" alt=\"sac \u00e0 main ou trousse de toilette vl\u00e0 fabio black, sac durable et vegan en cuir de cactus\" class=\"wp-image-4532\" srcset=\"https:\/\/www.vla-bag.ch\/wp-content\/uploads\/2024\/07\/vla-fabio-black-59-1-1024x1024.jpg 1024w, https:\/\/www.vla-bag.ch\/wp-content\/uploads\/2024\/07\/vla-fabio-black-59-1-300x300.jpg 300w, https:\/\/www.vla-bag.ch\/wp-content\/uploads\/2024\/07\/vla-fabio-black-59-1-150x150.jpg 150w, https:\/\/www.vla-bag.ch\/wp-content\/uploads\/2024\/07\/vla-fabio-black-59-1-768x768.jpg 768w, https:\/\/www.vla-bag.ch\/wp-content\/uploads\/2024\/07\/vla-fabio-black-59-1-400x400.jpg 400w, https:\/\/www.vla-bag.ch\/wp-content\/uploads\/2024\/07\/vla-fabio-black-59-1-800x800.jpg 800w, https:\/\/www.vla-bag.ch\/wp-content\/uploads\/2024\/07\/vla-fabio-black-59-1-100x100.jpg 100w, https:\/\/www.vla-bag.ch\/wp-content\/uploads\/2024\/07\/vla-fabio-black-59-1.jpg 1500w\" sizes=\"auto, (max-width: 1024px) 100vw, 1024px\" \/><\/a><\/figure>\n<\/div>\n\n\n\n<div class=\"wp-block-column is-layout-flow wp-block-column-is-layout-flow\">\n<figure class=\"wp-block-image size-large wp-duotone-unset-1\"><a href=\"https:\/\/www.vla-bag.ch\/fr\/produkt\/fabio-nuit-noire\/\"><img loading=\"lazy\" decoding=\"async\" width=\"1024\" height=\"1024\" src=\"https:\/\/www.vla-bag.ch\/wp-content\/uploads\/2024\/07\/vla-fabio-black-81-b-1024x1024.jpg\" alt=\"sac \u00e0 main ou trousse de toilette vl\u00e0 fabio black, sac durable et vegan en cuir de cactus\" class=\"wp-image-4534\" srcset=\"https:\/\/www.vla-bag.ch\/wp-content\/uploads\/2024\/07\/vla-fabio-black-81-b-1024x1024.jpg 1024w, https:\/\/www.vla-bag.ch\/wp-content\/uploads\/2024\/07\/vla-fabio-black-81-b-300x300.jpg 300w, https:\/\/www.vla-bag.ch\/wp-content\/uploads\/2024\/07\/vla-fabio-black-81-b-150x150.jpg 150w, https:\/\/www.vla-bag.ch\/wp-content\/uploads\/2024\/07\/vla-fabio-black-81-b-768x768.jpg 768w, https:\/\/www.vla-bag.ch\/wp-content\/uploads\/2024\/07\/vla-fabio-black-81-b-400x400.jpg 400w, https:\/\/www.vla-bag.ch\/wp-content\/uploads\/2024\/07\/vla-fabio-black-81-b-800x800.jpg 800w, https:\/\/www.vla-bag.ch\/wp-content\/uploads\/2024\/07\/vla-fabio-black-81-b-100x100.jpg 100w, https:\/\/www.vla-bag.ch\/wp-content\/uploads\/2024\/07\/vla-fabio-black-81-b.jpg 1500w\" sizes=\"auto, (max-width: 1024px) 100vw, 1024px\" \/><\/a><\/figure>\n\n\n\n<div class=\"wp-block-buttons is-layout-flex wp-block-buttons-is-layout-flex\">\n<div class=\"wp-block-button\"><a class=\"wp-block-button__link wp-element-button\" href=\"https:\/\/www.vla-bag.ch\/fr\/produkt\/fabio-nuit-noire\/\">vl\u00e0 Fabio acheter<\/a><\/div>\n<\/div>\n<\/div>\n<\/div>\n\n\n\n<h2 class=\"gb-headline gb-headline-1606036b gb-headline-text\">Andrea - \u00c9l\u00e9gant et pur<\/h2>\n\n\n\n<p>Pochette fine pour le soir - une d\u00e9claration de style conscient.<\/p>\n\n\n\n<div class=\"wp-block-columns is-layout-flex wp-container-core-columns-is-layout-9d6595d7 wp-block-columns-is-layout-flex\">\n<div class=\"wp-block-column is-layout-flow wp-block-column-is-layout-flow\">\n<figure class=\"wp-block-image size-large\"><a href=\"https:\/\/www.vla-bag.ch\/fr\/produkt\/andrea-beige-sable\/\"><img loading=\"lazy\" decoding=\"async\" width=\"1024\" height=\"1024\" src=\"https:\/\/www.vla-bag.ch\/wp-content\/uploads\/2024\/07\/vla-andrea-beige-59-1024x1024.jpg\" alt=\"pochette ou porte-documents vl\u00e0 andrea beige, sac durable et vegan en cuir de cactus\" class=\"wp-image-4591\" srcset=\"https:\/\/www.vla-bag.ch\/wp-content\/uploads\/2024\/07\/vla-andrea-beige-59-1024x1024.jpg 1024w, https:\/\/www.vla-bag.ch\/wp-content\/uploads\/2024\/07\/vla-andrea-beige-59-300x300.jpg 300w, https:\/\/www.vla-bag.ch\/wp-content\/uploads\/2024\/07\/vla-andrea-beige-59-150x150.jpg 150w, https:\/\/www.vla-bag.ch\/wp-content\/uploads\/2024\/07\/vla-andrea-beige-59-768x768.jpg 768w, https:\/\/www.vla-bag.ch\/wp-content\/uploads\/2024\/07\/vla-andrea-beige-59-400x400.jpg 400w, https:\/\/www.vla-bag.ch\/wp-content\/uploads\/2024\/07\/vla-andrea-beige-59-800x800.jpg 800w, https:\/\/www.vla-bag.ch\/wp-content\/uploads\/2024\/07\/vla-andrea-beige-59-100x100.jpg 100w, https:\/\/www.vla-bag.ch\/wp-content\/uploads\/2024\/07\/vla-andrea-beige-59.jpg 1500w\" sizes=\"auto, (max-width: 1024px) 100vw, 1024px\" \/><\/a><\/figure>\n<\/div>\n\n\n\n<div class=\"wp-block-column is-layout-flow wp-block-column-is-layout-flow\">\n<figure class=\"wp-block-image size-large\"><a href=\"https:\/\/www.vla-bag.ch\/fr\/produkt\/andrea-nuit-noire\/\"><img loading=\"lazy\" decoding=\"async\" width=\"1024\" height=\"1024\" src=\"https:\/\/www.vla-bag.ch\/wp-content\/uploads\/2024\/07\/vla-andrea-black-74-1-1024x1024.jpg\" alt=\"pochette ou porte-documents vl\u00e0 andrea black, sac durable et vegan en cuir de cactus\" class=\"wp-image-4600\" srcset=\"https:\/\/www.vla-bag.ch\/wp-content\/uploads\/2024\/07\/vla-andrea-black-74-1-1024x1024.jpg 1024w, https:\/\/www.vla-bag.ch\/wp-content\/uploads\/2024\/07\/vla-andrea-black-74-1-300x300.jpg 300w, https:\/\/www.vla-bag.ch\/wp-content\/uploads\/2024\/07\/vla-andrea-black-74-1-150x150.jpg 150w, https:\/\/www.vla-bag.ch\/wp-content\/uploads\/2024\/07\/vla-andrea-black-74-1-768x768.jpg 768w, https:\/\/www.vla-bag.ch\/wp-content\/uploads\/2024\/07\/vla-andrea-black-74-1-400x400.jpg 400w, https:\/\/www.vla-bag.ch\/wp-content\/uploads\/2024\/07\/vla-andrea-black-74-1-800x800.jpg 800w, https:\/\/www.vla-bag.ch\/wp-content\/uploads\/2024\/07\/vla-andrea-black-74-1-100x100.jpg 100w, https:\/\/www.vla-bag.ch\/wp-content\/uploads\/2024\/07\/vla-andrea-black-74-1.jpg 1500w\" sizes=\"auto, (max-width: 1024px) 100vw, 1024px\" \/><\/a><\/figure>\n\n\n\n<div class=\"wp-block-buttons is-layout-flex wp-block-buttons-is-layout-flex\">\n<div class=\"wp-block-button\"><a class=\"wp-block-button__link wp-element-button\" href=\"https:\/\/www.vla-bag.ch\/fr\/produkt-kategorie\/pochette\/\">acheter vl\u00e0 Andrea<\/a><\/div>\n<\/div>\n<\/div>\n<\/div>\n\n\n\n<h2 class=\"gb-headline gb-headline-572ff004 gb-headline-text\">Laura - spacieuse &amp; r\u00e9duite<\/h2>\n\n\n\n<p>Beaucoup d&rsquo;espace, des lignes \u00e9pur\u00e9es et des mat\u00e9riaux durables - pour le travail et les loisirs.<\/p>\n\n\n\n<div class=\"wp-block-columns is-layout-flex wp-container-core-columns-is-layout-9d6595d7 wp-block-columns-is-layout-flex\">\n<div class=\"wp-block-column is-layout-flow wp-block-column-is-layout-flow\">\n<figure class=\"wp-block-image size-large\"><a href=\"https:\/\/www.vla-bag.ch\/fr\/produkt\/laura-nuit-noire\/\"><img loading=\"lazy\" decoding=\"async\" width=\"1500\" height=\"1500\" src=\"https:\/\/www.vla-bag.ch\/wp-content\/uploads\/2024\/07\/vla-laura-black-91-2.jpg\" alt=\"shopper vl\u00e0 laura black, sac durable et v\u00e9g\u00e9talien en cuir de cactus\" class=\"wp-image-4563\" srcset=\"https:\/\/www.vla-bag.ch\/wp-content\/uploads\/2024\/07\/vla-laura-black-91-2.jpg 1500w, https:\/\/www.vla-bag.ch\/wp-content\/uploads\/2024\/07\/vla-laura-black-91-2-300x300.jpg 300w, https:\/\/www.vla-bag.ch\/wp-content\/uploads\/2024\/07\/vla-laura-black-91-2-1024x1024.jpg 1024w, https:\/\/www.vla-bag.ch\/wp-content\/uploads\/2024\/07\/vla-laura-black-91-2-150x150.jpg 150w, https:\/\/www.vla-bag.ch\/wp-content\/uploads\/2024\/07\/vla-laura-black-91-2-768x768.jpg 768w, https:\/\/www.vla-bag.ch\/wp-content\/uploads\/2024\/07\/vla-laura-black-91-2-400x400.jpg 400w, https:\/\/www.vla-bag.ch\/wp-content\/uploads\/2024\/07\/vla-laura-black-91-2-800x800.jpg 800w, https:\/\/www.vla-bag.ch\/wp-content\/uploads\/2024\/07\/vla-laura-black-91-2-100x100.jpg 100w\" sizes=\"auto, (max-width: 1500px) 100vw, 1500px\" \/><\/a><\/figure>\n<\/div>\n\n\n\n<div class=\"wp-block-column is-layout-flow wp-block-column-is-layout-flow\">\n<figure class=\"wp-block-image size-large wp-duotone-unset-2\"><a href=\"https:\/\/www.vla-bag.ch\/fr\/produkt\/laura-beige-sable\/\"><img loading=\"lazy\" decoding=\"async\" width=\"1024\" height=\"1024\" src=\"https:\/\/www.vla-bag.ch\/wp-content\/uploads\/2024\/07\/vla-laura-beige-41-1-1024x1024.jpg\" alt=\"shopper vl\u00e0 laura beige, sac durable et vegan en cuir de cactus\" class=\"wp-image-4558\" srcset=\"https:\/\/www.vla-bag.ch\/wp-content\/uploads\/2024\/07\/vla-laura-beige-41-1-1024x1024.jpg 1024w, https:\/\/www.vla-bag.ch\/wp-content\/uploads\/2024\/07\/vla-laura-beige-41-1-300x300.jpg 300w, https:\/\/www.vla-bag.ch\/wp-content\/uploads\/2024\/07\/vla-laura-beige-41-1-150x150.jpg 150w, https:\/\/www.vla-bag.ch\/wp-content\/uploads\/2024\/07\/vla-laura-beige-41-1-768x768.jpg 768w, https:\/\/www.vla-bag.ch\/wp-content\/uploads\/2024\/07\/vla-laura-beige-41-1-400x400.jpg 400w, https:\/\/www.vla-bag.ch\/wp-content\/uploads\/2024\/07\/vla-laura-beige-41-1-800x800.jpg 800w, https:\/\/www.vla-bag.ch\/wp-content\/uploads\/2024\/07\/vla-laura-beige-41-1-100x100.jpg 100w, https:\/\/www.vla-bag.ch\/wp-content\/uploads\/2024\/07\/vla-laura-beige-41-1.jpg 1500w\" sizes=\"auto, (max-width: 1024px) 100vw, 1024px\" \/><\/a><\/figure>\n\n\n\n<div class=\"wp-block-buttons is-layout-flex wp-block-buttons-is-layout-flex\">\n<div class=\"wp-block-button\"><a class=\"wp-block-button__link wp-element-button\" href=\"https:\/\/www.vla-bag.ch\/fr\/produkt-kategorie\/shopper-fr\/\">acheter vl\u00e0 Laura<\/a><\/div>\n<\/div>\n<\/div>\n<\/div>\n\n\n\n<h2 class=\"gb-headline gb-headline-0c168ed2 gb-headline-text\">Nina \u2013 Une forme iconique, r\u00e9interpr\u00e9t\u00e9e<\/h2>\n\n\n\n<p>Forme marquante et sobri\u00e9t\u00e9 moderne - un compagnon styl\u00e9 pour tous les jours.<\/p>\n\n\n\n<div class=\"wp-block-columns is-layout-flex wp-container-core-columns-is-layout-9d6595d7 wp-block-columns-is-layout-flex\">\n<div class=\"wp-block-column is-layout-flow wp-block-column-is-layout-flow\">\n<figure class=\"wp-block-image size-large\"><a href=\"https:\/\/www.vla-bag.ch\/fr\/produkt\/nina-beige-sable\/\"><img loading=\"lazy\" decoding=\"async\" width=\"1024\" height=\"1024\" src=\"https:\/\/www.vla-bag.ch\/wp-content\/uploads\/2024\/07\/vla-nina-beige-60-1024x1024.jpg\" alt=\"bucket-bag vl\u00e0 nina beige, sac durable et vegan en cuir de cactus\" class=\"wp-image-4574\" srcset=\"https:\/\/www.vla-bag.ch\/wp-content\/uploads\/2024\/07\/vla-nina-beige-60-1024x1024.jpg 1024w, https:\/\/www.vla-bag.ch\/wp-content\/uploads\/2024\/07\/vla-nina-beige-60-300x300.jpg 300w, https:\/\/www.vla-bag.ch\/wp-content\/uploads\/2024\/07\/vla-nina-beige-60-150x150.jpg 150w, https:\/\/www.vla-bag.ch\/wp-content\/uploads\/2024\/07\/vla-nina-beige-60-768x768.jpg 768w, https:\/\/www.vla-bag.ch\/wp-content\/uploads\/2024\/07\/vla-nina-beige-60-400x400.jpg 400w, https:\/\/www.vla-bag.ch\/wp-content\/uploads\/2024\/07\/vla-nina-beige-60-800x800.jpg 800w, https:\/\/www.vla-bag.ch\/wp-content\/uploads\/2024\/07\/vla-nina-beige-60-100x100.jpg 100w, https:\/\/www.vla-bag.ch\/wp-content\/uploads\/2024\/07\/vla-nina-beige-60.jpg 1500w\" sizes=\"auto, (max-width: 1024px) 100vw, 1024px\" \/><\/a><\/figure>\n<\/div>\n\n\n\n<div class=\"wp-block-column is-layout-flow wp-block-column-is-layout-flow\">\n<figure class=\"wp-block-image size-large\"><a href=\"https:\/\/www.vla-bag.ch\/fr\/produkt\/nina-nuit-noire\/\"><img loading=\"lazy\" decoding=\"async\" width=\"1024\" height=\"1024\" src=\"https:\/\/www.vla-bag.ch\/wp-content\/uploads\/2024\/07\/vla-nina-black-36-1-1024x1024.jpg\" alt=\"bucket-bag vl\u00e0 nina black, sac durable et vegan en cuir de cactus\" class=\"wp-image-4571\" srcset=\"https:\/\/www.vla-bag.ch\/wp-content\/uploads\/2024\/07\/vla-nina-black-36-1-1024x1024.jpg 1024w, https:\/\/www.vla-bag.ch\/wp-content\/uploads\/2024\/07\/vla-nina-black-36-1-300x300.jpg 300w, https:\/\/www.vla-bag.ch\/wp-content\/uploads\/2024\/07\/vla-nina-black-36-1-150x150.jpg 150w, https:\/\/www.vla-bag.ch\/wp-content\/uploads\/2024\/07\/vla-nina-black-36-1-768x768.jpg 768w, https:\/\/www.vla-bag.ch\/wp-content\/uploads\/2024\/07\/vla-nina-black-36-1-400x400.jpg 400w, https:\/\/www.vla-bag.ch\/wp-content\/uploads\/2024\/07\/vla-nina-black-36-1-800x800.jpg 800w, https:\/\/www.vla-bag.ch\/wp-content\/uploads\/2024\/07\/vla-nina-black-36-1-100x100.jpg 100w, https:\/\/www.vla-bag.ch\/wp-content\/uploads\/2024\/07\/vla-nina-black-36-1.jpg 1500w\" sizes=\"auto, (max-width: 1024px) 100vw, 1024px\" \/><\/a><\/figure>\n\n\n\n<div class=\"wp-block-buttons is-layout-flex wp-block-buttons-is-layout-flex\">\n<div class=\"wp-block-button\"><a class=\"wp-block-button__link wp-element-button\" href=\"https:\/\/www.vla-bag.ch\/fr\/produkt-kategorie\/sac-a-bucket\/\">acheter vl\u00e0 Nina<\/a><\/div>\n<\/div>\n<\/div>\n<\/div>\n\n\n\n<h2 class=\"gb-headline gb-headline-048887c6 gb-headline-text\">Gaia - urbain &amp; transformable<\/h2>\n\n\n\n<p>Sac \u00e0 dos minimaliste, polyvalent et id\u00e9al pour les voyages ou la vie urbaine.<\/p>\n\n\n\n<div class=\"wp-block-columns is-layout-flex wp-container-core-columns-is-layout-9d6595d7 wp-block-columns-is-layout-flex\">\n<div class=\"wp-block-column is-layout-flow wp-block-column-is-layout-flow\">\n<figure class=\"wp-block-image size-large\"><a href=\"https:\/\/www.vla-bag.ch\/fr\/produkt\/gaia-beige-sable\/\"><img loading=\"lazy\" decoding=\"async\" width=\"1024\" height=\"1024\" src=\"https:\/\/www.vla-bag.ch\/wp-content\/uploads\/2024\/07\/vla-gaia-beige-23-1-1024x1024.jpg\" alt=\"sac \u00e0 dos vl\u00e0 gaia beige, sac \u00e0 dos durable et vegan en cuir de cactus\" class=\"wp-image-4582\" srcset=\"https:\/\/www.vla-bag.ch\/wp-content\/uploads\/2024\/07\/vla-gaia-beige-23-1-1024x1024.jpg 1024w, https:\/\/www.vla-bag.ch\/wp-content\/uploads\/2024\/07\/vla-gaia-beige-23-1-300x300.jpg 300w, https:\/\/www.vla-bag.ch\/wp-content\/uploads\/2024\/07\/vla-gaia-beige-23-1-150x150.jpg 150w, https:\/\/www.vla-bag.ch\/wp-content\/uploads\/2024\/07\/vla-gaia-beige-23-1-768x768.jpg 768w, https:\/\/www.vla-bag.ch\/wp-content\/uploads\/2024\/07\/vla-gaia-beige-23-1-400x400.jpg 400w, https:\/\/www.vla-bag.ch\/wp-content\/uploads\/2024\/07\/vla-gaia-beige-23-1-800x800.jpg 800w, https:\/\/www.vla-bag.ch\/wp-content\/uploads\/2024\/07\/vla-gaia-beige-23-1-100x100.jpg 100w, https:\/\/www.vla-bag.ch\/wp-content\/uploads\/2024\/07\/vla-gaia-beige-23-1.jpg 1500w\" sizes=\"auto, (max-width: 1024px) 100vw, 1024px\" \/><\/a><\/figure>\n<\/div>\n\n\n\n<div class=\"wp-block-column is-layout-flow wp-block-column-is-layout-flow\">\n<figure class=\"wp-block-image size-large\"><a href=\"https:\/\/www.vla-bag.ch\/fr\/produkt\/gaia-nuit-noire\/\"><img loading=\"lazy\" decoding=\"async\" width=\"1024\" height=\"1024\" src=\"https:\/\/www.vla-bag.ch\/wp-content\/uploads\/2024\/07\/vla-gaia-black-05-1-1024x1024.jpg\" alt=\"sac \u00e0 dos vl\u00e0 gaia black, sac \u00e0 dos durable et vegan en cuir de cactus\" class=\"wp-image-4587\" srcset=\"https:\/\/www.vla-bag.ch\/wp-content\/uploads\/2024\/07\/vla-gaia-black-05-1-1024x1024.jpg 1024w, https:\/\/www.vla-bag.ch\/wp-content\/uploads\/2024\/07\/vla-gaia-black-05-1-300x300.jpg 300w, https:\/\/www.vla-bag.ch\/wp-content\/uploads\/2024\/07\/vla-gaia-black-05-1-150x150.jpg 150w, https:\/\/www.vla-bag.ch\/wp-content\/uploads\/2024\/07\/vla-gaia-black-05-1-768x768.jpg 768w, https:\/\/www.vla-bag.ch\/wp-content\/uploads\/2024\/07\/vla-gaia-black-05-1-400x400.jpg 400w, https:\/\/www.vla-bag.ch\/wp-content\/uploads\/2024\/07\/vla-gaia-black-05-1-800x800.jpg 800w, https:\/\/www.vla-bag.ch\/wp-content\/uploads\/2024\/07\/vla-gaia-black-05-1-100x100.jpg 100w, https:\/\/www.vla-bag.ch\/wp-content\/uploads\/2024\/07\/vla-gaia-black-05-1.jpg 1500w\" sizes=\"auto, (max-width: 1024px) 100vw, 1024px\" \/><\/a><\/figure>\n\n\n\n<div class=\"wp-block-buttons is-layout-flex wp-block-buttons-is-layout-flex\">\n<div class=\"wp-block-button\"><a class=\"wp-block-button__link wp-element-button\" href=\"https:\/\/www.vla-bag.ch\/fr\/produkt-kategorie\/sac-a-dos\/\">acheter vl\u00e0 Gaia<\/a><\/div>\n<\/div>\n<\/div>\n<\/div>\n\n\n\n<h2 class=\"gb-headline gb-headline-5e268f42 gb-headline-text\">Dario - pr\u00eat pour toutes les aventures<\/h2>\n\n\n\n<p>L\u00e9ger et \u00e9l\u00e9gant - parfait pour les courts s\u00e9jours et les voyages spontan\u00e9s.<\/p>\n\n\n\n<div class=\"wp-block-columns is-layout-flex wp-container-core-columns-is-layout-9d6595d7 wp-block-columns-is-layout-flex\">\n<div class=\"wp-block-column is-layout-flow wp-block-column-is-layout-flow\">\n<figure class=\"wp-block-image size-large\"><a href=\"https:\/\/www.vla-bag.ch\/fr\/produkt\/dario-nuit-noire\/\"><img loading=\"lazy\" decoding=\"async\" width=\"1024\" height=\"1024\" src=\"https:\/\/www.vla-bag.ch\/wp-content\/uploads\/2024\/07\/vla-dario-black-12-1024x1024.jpg\" alt=\"weekend-bag vl\u00e0 dario black, weekender durable et vegan en cuir de cactus\" class=\"wp-image-4605\" srcset=\"https:\/\/www.vla-bag.ch\/wp-content\/uploads\/2024\/07\/vla-dario-black-12-1024x1024.jpg 1024w, https:\/\/www.vla-bag.ch\/wp-content\/uploads\/2024\/07\/vla-dario-black-12-300x300.jpg 300w, https:\/\/www.vla-bag.ch\/wp-content\/uploads\/2024\/07\/vla-dario-black-12-150x150.jpg 150w, https:\/\/www.vla-bag.ch\/wp-content\/uploads\/2024\/07\/vla-dario-black-12-768x768.jpg 768w, https:\/\/www.vla-bag.ch\/wp-content\/uploads\/2024\/07\/vla-dario-black-12-400x400.jpg 400w, https:\/\/www.vla-bag.ch\/wp-content\/uploads\/2024\/07\/vla-dario-black-12-800x800.jpg 800w, https:\/\/www.vla-bag.ch\/wp-content\/uploads\/2024\/07\/vla-dario-black-12-100x100.jpg 100w, https:\/\/www.vla-bag.ch\/wp-content\/uploads\/2024\/07\/vla-dario-black-12.jpg 1500w\" sizes=\"auto, (max-width: 1024px) 100vw, 1024px\" \/><\/a><\/figure>\n<\/div>\n\n\n\n<div class=\"wp-block-column is-layout-flow wp-block-column-is-layout-flow\">\n<figure class=\"wp-block-image size-large\"><a href=\"https:\/\/www.vla-bag.ch\/fr\/produkt\/dario-beige-sable\/\"><img loading=\"lazy\" decoding=\"async\" width=\"1024\" height=\"1024\" src=\"https:\/\/www.vla-bag.ch\/wp-content\/uploads\/2024\/07\/vla-dario-beige-91-1-1024x1024.jpg\" alt=\"weekend-bag vl\u00e0 beige black, weekender durable et vegan en cuir de cactus\" class=\"wp-image-4690\" srcset=\"https:\/\/www.vla-bag.ch\/wp-content\/uploads\/2024\/07\/vla-dario-beige-91-1-1024x1024.jpg 1024w, https:\/\/www.vla-bag.ch\/wp-content\/uploads\/2024\/07\/vla-dario-beige-91-1-300x300.jpg 300w, https:\/\/www.vla-bag.ch\/wp-content\/uploads\/2024\/07\/vla-dario-beige-91-1-150x150.jpg 150w, https:\/\/www.vla-bag.ch\/wp-content\/uploads\/2024\/07\/vla-dario-beige-91-1-768x768.jpg 768w, https:\/\/www.vla-bag.ch\/wp-content\/uploads\/2024\/07\/vla-dario-beige-91-1-400x400.jpg 400w, https:\/\/www.vla-bag.ch\/wp-content\/uploads\/2024\/07\/vla-dario-beige-91-1-800x800.jpg 800w, https:\/\/www.vla-bag.ch\/wp-content\/uploads\/2024\/07\/vla-dario-beige-91-1-100x100.jpg 100w, https:\/\/www.vla-bag.ch\/wp-content\/uploads\/2024\/07\/vla-dario-beige-91-1.jpg 1500w\" sizes=\"auto, (max-width: 1024px) 100vw, 1024px\" \/><\/a><\/figure>\n\n\n\n<div class=\"wp-block-buttons is-layout-flex wp-block-buttons-is-layout-flex\">\n<div class=\"wp-block-button\"><a class=\"wp-block-button__link wp-element-button\" href=\"https:\/\/www.vla-bag.ch\/fr\/produkt-kategorie\/sac-de-week-end\/\">vl\u00e0 Dario acheter<\/a><\/div>\n<\/div>\n<\/div>\n<\/div>\n\n\n\n<div class=\"wp-block-columns is-layout-flex wp-container-core-columns-is-layout-9d6595d7 wp-block-columns-is-layout-flex\">\n<div class=\"wp-block-column is-layout-flow wp-block-column-is-layout-flow\"><\/div>\n\n\n\n<div class=\"wp-block-column is-layout-flow wp-block-column-is-layout-flow\">\n<h2 class=\"gb-headline gb-headline-5c8d55e3 gb-headline-text\">L\u2019id\u00e9e derri\u00e8re vl\u00e0<\/h2>\n\n\n\n<figure class=\"wp-block-video\"><video height=\"1920\" style=\"aspect-ratio: 1080 \/ 1920;\" width=\"1080\" controls poster=\"https:\/\/www.vla-bag.ch\/wp-content\/uploads\/2026\/04\/wir-sind-vla-taschen-aus-kaktusleder.jpg\" src=\"https:\/\/www.vla-bag.ch\/wp-content\/uploads\/2026\/04\/EN-vla-video-website.mov\" playsinline><\/video><\/figure>\n<\/div>\n\n\n\n<div class=\"wp-block-column is-layout-flow wp-block-column-is-layout-flow\"><\/div>\n<\/div>\n\n\n<div class=\"gb-container gb-container-2b4dd260\">\n<div class=\"gb-container gb-container-21373023\">\n\n<!-- vl\u00e0: Google Reviews \u2013 Startseite  -->\n<section class=\"vla-reviews-home\" aria-labelledby=\"vla-reviews-title\" style=\"margin:40px auto 10px; max-width:1430px; border-top:1px solid #e0e0e0; padding-top:20px;\">\n  <h2 id=\"vla-reviews-title\" style=\"text-align:center; font-size:1.6rem; line-height:1.3; margin:0 0 18px;\">\n  Ce que disent les clients\n  <\/h2>\n\n  <!-- Elfsight Widget -->\n  <div class=\"elfsight-app-48eff722-aacb-4250-aa72-fff2d812b2d4\" data-elfsight-app-lazy=\"\"><\/div>\n\n  <!-- nur einf\u00fcgen, wenn platform.js NICHT global geladen wird -->\n  <script src=\"https:\/\/elfsightcdn.com\/platform.js\" async=\"\"><\/script>\n<\/section>\n\n<\/div>\n<\/div>\n\n\n<div style=\"height:100px\" aria-hidden=\"true\" class=\"wp-block-spacer\"><\/div>\n\n\n\n<div class=\"wp-block-columns  mobile-column-reverse is-layout-flex wp-container-core-columns-is-layout-9d6595d7 wp-block-columns-is-layout-flex\">\n<div class=\"wp-block-column is-layout-flow wp-block-column-is-layout-flow\">\n<h2 class=\"wp-block-heading large-heading\">vl\u00e0 a du style<\/h2>\n\n\n\n<p><strong>vegan, cuir, accessoires - vl\u00e0 ! <\/strong>Cr\u00e9\u00e9s \u00e0 Zurich et <strong>fabriqu\u00e9s \u00e0 la main en cuir de cactus dans une manufacture du nord de l&rsquo;Italie<\/strong>, nos sacs allient l&rsquo;un des tissus les plus innovants du monde de la mode \u00e0 un artisanat parfait dans une \u00e9l\u00e9gance intemporelle. R\u00e9servez d\u00e8s maintenant votre pi\u00e8ce pr\u00e9f\u00e9r\u00e9e de notre collection. <strong>Vous pouvez voir et acheter les sacs sans engagement, sur rendez-vous, dans notre bureau de Seefeld \u00e0 Zurich : <a href=\"tel:0041443805045\">044 380 50 45<\/a><\/strong> ou <a href=\"mailto:office@vla-bag.ch\"><strong>office@vla-bag.ch<\/strong><\/a> <\/p>\n\n\n\n<div class=\"wp-block-buttons is-layout-flex wp-block-buttons-is-layout-flex\">\n<div class=\"wp-block-button\"><a class=\"wp-block-button__link wp-element-button\" href=\"https:\/\/www.vla-bag.ch\/fr\/boutique\/\">vl\u00e0 Boutique en ligne<\/a><\/div>\n<\/div>\n\n\n\n<p><\/p>\n<\/div>\n\n\n\n<div class=\"wp-block-column is-layout-flow wp-block-column-is-layout-flow\">\n<figure class=\"wp-block-image size-large\"><img decoding=\"async\" src=\"https:\/\/www.vla-bag.ch\/wp-content\/uploads\/2024\/05\/vla-collection-2024-1-1024x704.jpg\" alt=\"\" class=\"wp-image-4465\"\/><\/figure>\n\n\n\n<p><\/p>\n<\/div>\n<\/div>\n\n\n\n<div style=\"height:24px\" aria-hidden=\"true\" class=\"wp-block-spacer\"><\/div>\n\n\n\n<div style=\"height:24px\" aria-hidden=\"true\" class=\"wp-block-spacer\"><\/div>\n\n\n\n<div class=\"wp-block-columns is-layout-flex wp-container-core-columns-is-layout-9d6595d7 wp-block-columns-is-layout-flex\">\n<div class=\"wp-block-column is-layout-flow wp-block-column-is-layout-flow\">\n<figure class=\"wp-block-image size-large\"><img loading=\"lazy\" decoding=\"async\" width=\"1024\" height=\"704\" src=\"https:\/\/www.vla-bag.ch\/wp-content\/uploads\/2022\/12\/kaktus-nopales-blaetter-1024x704.jpg\" alt=\"\" class=\"wp-image-3949\" srcset=\"https:\/\/www.vla-bag.ch\/wp-content\/uploads\/2022\/12\/kaktus-nopales-blaetter-1024x704.jpg 1024w, https:\/\/www.vla-bag.ch\/wp-content\/uploads\/2022\/12\/kaktus-nopales-blaetter-300x206.jpg 300w, https:\/\/www.vla-bag.ch\/wp-content\/uploads\/2022\/12\/kaktus-nopales-blaetter-768x528.jpg 768w, https:\/\/www.vla-bag.ch\/wp-content\/uploads\/2022\/12\/kaktus-nopales-blaetter-1536x1056.jpg 1536w, https:\/\/www.vla-bag.ch\/wp-content\/uploads\/2022\/12\/kaktus-nopales-blaetter-800x550.jpg 800w, https:\/\/www.vla-bag.ch\/wp-content\/uploads\/2022\/12\/kaktus-nopales-blaetter.jpg 1600w\" sizes=\"auto, (max-width: 1024px) 100vw, 1024px\" \/><\/figure>\n\n\n\n<p><\/p>\n<\/div>\n\n\n\n<div class=\"wp-block-column is-layout-flow wp-block-column-is-layout-flow\">\n<h2 class=\"wp-block-heading has-text-align-right large-heading\">vl\u00e0 est durable et vegan<\/h2>\n\n\n\n<p class=\"has-text-align-right\"><strong>Vert comme le cactus, doux comme le cuir.<\/strong>  Le cuir de cactus est une alternative v\u00e9g\u00e9talienne et non toxique au cuir animal - et chez vl\u00e0, il est particuli\u00e8rement durable. Nos emballages sont r\u00e9duits au strict n\u00e9cessaire et ne comportent ni impression ni finition. <\/p>\n\n\n\n<div class=\"wp-block-buttons alignright is-layout-flex wp-block-buttons-is-layout-flex\">\n<div class=\"wp-block-button is-style-fill\"><a class=\"wp-block-button__link no-border-radius wp-element-button\" href=\"https:\/\/www.vla-bag.ch\/fr\/materiau\/\">vl\u00e0 Cuir de cactus<\/a><\/div>\n<\/div>\n\n\n\n<p><\/p>\n<\/div>\n<\/div>\n","protected":false},"excerpt":{"rendered":"<p>Carlotta - claire &amp; polyvalente Un design \u00e9pur\u00e9 et un luxe discret - un compagnon pour le travail, les loisirs et les moments sp\u00e9ciaux. Alice &#8230; <a title=\"Accueil\" class=\"read-more\" href=\"https:\/\/www.vla-bag.ch\/fr\/\" aria-label=\"En savoir plus sur Accueil\">Read more<\/a><\/p>\n","protected":false},"author":2,"featured_media":4473,"parent":0,"menu_order":0,"comment_status":"closed","ping_status":"closed","template":"","meta":{"_seopress_robots_primary_cat":"","_seopress_titles_title":"Sacs durables en cuir de cactus - faits main en Italie | vl\u00e0","_seopress_titles_desc":"vl\u00e0 est synonyme de sacs durables en cuir de cactus. Con\u00e7us \u00e0 Zurich et fabriqu\u00e9s \u00e0 la main en Italie, ils sont \u00e9l\u00e9gants, conscients et 100 % v\u00e9g\u00e9taliens.","_seopress_robots_index":"","footnotes":""},"class_list":["post-5537","page","type-page","status-publish","has-post-thumbnail"],"_links":{"self":[{"href":"https:\/\/www.vla-bag.ch\/fr\/wp-json\/wp\/v2\/pages\/5537","targetHints":{"allow":["GET"]}}],"collection":[{"href":"https:\/\/www.vla-bag.ch\/fr\/wp-json\/wp\/v2\/pages"}],"about":[{"href":"https:\/\/www.vla-bag.ch\/fr\/wp-json\/wp\/v2\/types\/page"}],"author":[{"embeddable":true,"href":"https:\/\/www.vla-bag.ch\/fr\/wp-json\/wp\/v2\/users\/2"}],"replies":[{"embeddable":true,"href":"https:\/\/www.vla-bag.ch\/fr\/wp-json\/wp\/v2\/comments?post=5537"}],"version-history":[{"count":25,"href":"https:\/\/www.vla-bag.ch\/fr\/wp-json\/wp\/v2\/pages\/5537\/revisions"}],"predecessor-version":[{"id":6825,"href":"https:\/\/www.vla-bag.ch\/fr\/wp-json\/wp\/v2\/pages\/5537\/revisions\/6825"}],"wp:featuredmedia":[{"embeddable":true,"href":"https:\/\/www.vla-bag.ch\/fr\/wp-json\/wp\/v2\/media\/4473"}],"wp:attachment":[{"href":"https:\/\/www.vla-bag.ch\/fr\/wp-json\/wp\/v2\/media?parent=5537"}],"curies":[{"name":"wp","href":"https:\/\/api.w.org\/{rel}","templated":true}]}}